{"id":224,"date":"2013-07-26T21:04:41","date_gmt":"2013-07-26T21:04:41","guid":{"rendered":"http:\/\/www.faqeinternet.al\/respublica\/?page_id=224"},"modified":"2013-07-26T22:54:42","modified_gmt":"2013-07-26T22:54:42","slug":"informim-publik","status":"publish","type":"page","link":"https:\/\/www.respublica.org.al\/web\/?page_id=224","title":{"rendered":"Informim Publik"},"content":{"rendered":"<p><!-- Row Highlight Javascript --><br \/>\n<script type=\"text\/javascript\">\/\/ <![CDATA[\nwindow.onload=function(){\n\tvar tfrow = document.getElementById('tfhover').rows.length;\n\tvar tbRow=[];\n\tfor (var i=1;i<tfrow;i++) { \t\ttbRow[i]=document.getElementById('tfhover').rows[i]; \t\ttbRow[i].onmouseover = function(){ \t\t  this.style.backgroundColor = '#ffffff'; \t\t}; \t\ttbRow[i].onmouseout = function() { \t\t  this.style.backgroundColor = '#d4e3e5'; \t\t}; \t} };\n\/\/ ]]><\/script><\/p>\n<style type=\"text\/css\"><!--\ntable.tftable {font-size:12px;color:#333333;width:100%;border-width: 1px;border-color: #729ea5;border-collapse: collapse;} table.tftable th {font-size:12px;background-color:#acc8cc;border-width: 1px;padding: 8px;border-style: solid;border-color: #729ea5;text-align:left;} table.tftable tr {background-color:#d4e3e5;} table.tftable td {font-size:12px;border-width: 1px;padding: 8px;border-style: solid;border-color: #729ea5; \n              }\n--><\/style>\n<p><!--more--><\/p>\n<table class=\"tftable\" id=\"tfhover\" border=\"1\" >\n<tbody>\n<tr>\n<th>Nr.<\/th>\n<th>Data<\/th>\n<th>Drejtuar<\/th>\n<th>Drejtuar<\/th>\n<th>Objekti i Kerkeses<\/th>\n<th>Statusi<\/th>\n<th>P\u00ebrgjigjja<\/th>\n<th>Afati<\/th>\n<\/tr>\n<tr>\n<td>001<\/td>\n<td>05.12.2011<\/td>\n<td>Levizja Mjaft<\/td>\n<td>Kuvendi<\/td>\n<td>Venie ne dispozicion dokumentacioni-Buxheti Faktik per vitet 2009-10<\/td>\n<td>Gjykim, Shkalla 1<\/td>\n<td>Pa pergjigje<\/td>\n<td>16.11.2012<\/td>\n<\/tr>\n<tr>\n<td>002<\/td>\n<td>05.12.2011<\/td>\n<td>Levizja Mjaft<\/td>\n<td>Kuvendi<\/td>\n<td>Venie ne dispozicion dokumentacioni-Raport Auditi i brendshem vitet 2009-10<\/td>\n<td>Gjykim, Shkalla 1<\/td>\n<td>Pa pergjigje<\/td>\n<td>16.11.2012<\/td>\n<\/tr>\n<tr>\n<td>003<\/td>\n<td>05.12.2011<\/td>\n<td>Levizja Mjaft<\/td>\n<td>Kuvendi<\/td>\n<td>Venie ne dispozicion dokumentacioni-Te ndryshme<\/td>\n<td>Gjykim, Shkalla 1<\/td>\n<td>Pa pergjigje<\/td>\n<td>16.11.2012<\/td>\n<\/tr>\n<tr>\n<td>004<\/td>\n<td>05.12.2011<\/td>\n<td>Levizja Mjaft<\/td>\n<td>Kuvendi<\/td>\n<td>Te dryshme- Tenderimi publik Rikonstrucioni i Godines se Kuvendit etj etj<\/td>\n<td>Gjykim, Shkalla 1<\/td>\n<td>Pa pergjigje<\/td>\n<td>16.11.2012<\/td>\n<\/tr>\n<tr>\n<td>005<\/td>\n<td>05.12.2011<\/td>\n<td>Levizja Mjaft<\/td>\n<td>Kuvendi<\/td>\n<td>Te dryshme- Tenderimi publik Rikonstrucioni i Salles se Seancave te Kuvendit etj etj<\/td>\n<td>Gjykim, Shkalla 1<\/td>\n<td>Pa pergjigje<\/td>\n<td>16.11.2012<\/td>\n<\/tr>\n<tr>\n<td>006<\/td>\n<td>05.12.2011<\/td>\n<td>Levizja Mjaft<\/td>\n<td>Kuvendi<\/td>\n<td>Projekt Buxheti Vjetor per vitet 2009-10<\/td>\n<td>Gjykim, Shkalla 1<\/td>\n<td>Pa pergjigje<\/td>\n<td>16.11.2012<\/td>\n<\/tr>\n<tr>\n<td>007<\/td>\n<td>17.10.2012<\/td>\n<td>Open Data Albania, Instituti Shqiptar i Shkencave<\/td>\n<td>Ministria e Sh\u00ebndet\u00ebsis\u00eb<\/td>\n<td>Relacioni dhe praktika e kontrollit nga mjeket e spitalit \u2018Koco Glozheni\u201d<\/td>\n<td>Ankim Administrativ<\/td>\n<td>Pa pergjigje<\/td>\n<td>26.11.2012<\/td>\n<\/tr>\n<tr>\n<td>008<\/td>\n<td>17.10.2012<\/td>\n<td>Open Data Albania, Instituti Shqiptar i Shkencave<\/td>\n<td>Ministria e Financave<\/td>\n<td>Vlera monetare e parashikuar n\u00eb Buxhetin e Shtetit sipas viteve, p\u00ebr d\u00ebmshp\u00ebrblimin e ish t\u00eb p\u00ebrndjekurve\/ish t\u00eb burgosurve politike etj.<\/td>\n<td>Kerkesa fillestare<\/td>\n<td>P\u00ebrgjigjur dt. 19.11.2012<\/td>\n<td><a href=\"http:\/\/informimipublik.files.wordpress.com\/2012\/12\/ministria-e-financave00812.pdf\"><img decoding=\"async\" alt=\"\" src=\"https:\/\/pa211sw.communityos.org\/cms6\/files\/os163\/p390\/pdf_icon.gif\" width=\"34\" height=\"34\" \/><\/a><\/td>\n<\/tr>\n<tr>\n<td>009<\/td>\n<td>17.10.2012<\/td>\n<td>Open Data Albania, Instituti Shqiptar i Shkencave<\/td>\n<td>Instituti i Statistik\u00ebs, INSTAT<\/td>\n<td>Numrin dhe norm\u00ebn e vdekshm\u00ebris\u00eb foshnjore nga mosha 0-1 vje\u00e7 p\u00ebr Shqip\u00ebrin\u00eb, n\u00eb harkun kohor 2011- 6 mujori i par\u00eb i 2012 etj.<\/td>\n<td>Kerkesa fillestare<\/td>\n<td>P\u00ebrgjigjur dt. 20.11.2012<\/td>\n<td><a href=\"http:\/\/informimipublik.files.wordpress.com\/2012\/12\/instituti-i-statistikave09-12.pdf\"><img decoding=\"async\" alt=\"\" src=\"https:\/\/pa211sw.communityos.org\/cms6\/files\/os163\/p390\/pdf_icon.gif\" width=\"34\" height=\"34\" \/><\/a><\/td>\n<\/tr>\n<tr>\n<td>010<\/td>\n<td>22.10.2012<\/td>\n<td>Shoqata e Qeramarresve ne Prone Shteterore Ish-Prone Private<\/td>\n<td>Bashkia Elbasan<\/td>\n<td>A ka p\u00ebrfituar bashkia ndonj\u00eb fond t\u00eb posa\u00e7\u00ebm nga buxheti i shtetit n\u00eb lidhje me aktin normativ nr.3, dt. 01.08.2012 etj.<\/td>\n<td>Kerkesa fillestare<\/td>\n<td>Pa pergjigje<\/td>\n<td>01.12.2012<\/td>\n<\/tr>\n<tr>\n<td>011<\/td>\n<td>22.10.2012<\/td>\n<td>Shoqata e Qeramarresve ne Prone Shteterore Ish-Prone Private<\/td>\n<td>Bashkia Fier<\/td>\n<td>A ka p\u00ebrfituar bashkia ndonj\u00eb fond t\u00eb posa\u00e7\u00ebm nga buxheti i shtetit n\u00eb lidhje me aktin normativ nr.3, dt. 01.08.2012 etj.<\/td>\n<td>Kerkesa fillestare<\/td>\n<td>Pa pergjigje<\/td>\n<td>01.12.2012<\/td>\n<\/tr>\n<tr>\n<td>012<\/td>\n<td>22.10.2012<\/td>\n<td>Shoqata e Qeramarresve ne Prone Shteterore Ish-Prone Private<\/td>\n<td>Bashkia Durr\u00ebs<\/td>\n<td>A ka p\u00ebrfituar bashkia ndonj\u00eb fond t\u00eb posa\u00e7\u00ebm nga buxheti i shtetit n\u00eb lidhje me aktin normativ nr.3, dt. 01.08.2012 etj.<\/td>\n<td>Kerkesa fillestare<\/td>\n<td>Pa pergjigje<\/td>\n<td>01.12.2012<\/td>\n<\/tr>\n<tr>\n<td>013<\/td>\n<td>22.10.2012<\/td>\n<td>Shoqata e Qeramarresve ne Prone Shteterore Ish-Prone Private<\/td>\n<td>Bashkia Gjirokast\u00ebr<\/td>\n<td>A ka p\u00ebrfituar bashkia ndonj\u00eb fond t\u00eb posa\u00e7\u00ebm nga buxheti i shtetit n\u00eb lidhje me aktin normativ nr.3, dt. 01.08.2012 etj.<\/td>\n<td>Kerkesa fillestare<\/td>\n<td>Pa pergjigje<\/td>\n<td>01.12.2012<\/td>\n<\/tr>\n<tr>\n<td>014<\/td>\n<td>22.10.2012<\/td>\n<td>Shoqata e Qeramarresve ne Prone Shteterore Ish-Prone Private<\/td>\n<td>Bashkia Berat<\/td>\n<td>A ka p\u00ebrfituar bashkia ndonj\u00eb fond t\u00eb posa\u00e7\u00ebm nga buxheti i shtetit n\u00eb lidhje me aktin normativ nr.3, dt. 01.08.2012 etj.<\/td>\n<td>Kerkesa fillestare<\/td>\n<td>pergjigjur me date 09.11.2012<\/td>\n<td><a href=\"http:\/\/informimipublik.files.wordpress.com\/2012\/11\/pergjigje-berat.pdf\"><img decoding=\"async\" alt=\"\" src=\"https:\/\/pa211sw.communityos.org\/cms6\/files\/os163\/p390\/pdf_icon.gif\" width=\"34\" height=\"34\" \/><\/a><\/td>\n<\/tr>\n<tr>\n<td>015<\/td>\n<td>22.10.2012<\/td>\n<td>Shoqata e Qeramarresve ne Prone Shteterore Ish-Prone Private<\/td>\n<td>Bashkia Kavaj\u00eb<\/td>\n<td>A ka p\u00ebrfituar bashkia ndonj\u00eb fond t\u00eb posa\u00e7\u00ebm nga buxheti i shtetit n\u00eb lidhje me aktin normativ nr.3, dt. 01.08.2012 etj.<\/td>\n<td>Kerkesa fillestare<\/td>\n<td>Pa pergjigje<\/td>\n<td>01.12.2012<\/td>\n<\/tr>\n<tr>\n<td>016<\/td>\n<td>22.10.2012<\/td>\n<td>Shoqata e Qeramarresve ne Prone Shteterore Ish-Prone Private<\/td>\n<td>Bashkia Kor\u00e7\u00eb<\/td>\n<td>A ka p\u00ebrfituar bashkia ndonj\u00eb fond t\u00eb posa\u00e7\u00ebm nga buxheti i shtetit n\u00eb lidhje me aktin normativ nr.3, dt. 01.08.2012 etj.<\/td>\n<td>Kerkesa fillestare<\/td>\n<td>Pa pergjigje<\/td>\n<td>01.12.2012<\/td>\n<\/tr>\n<tr>\n<td>017<\/td>\n<td>22.10.2012<\/td>\n<td>Shoqata e Qeramarresve ne Prone Shteterore Ish-Prone Private<\/td>\n<td>Bashkia P\u00ebrmet<\/td>\n<td>A ka p\u00ebrfituar bashkia ndonj\u00eb fond t\u00eb posa\u00e7\u00ebm nga buxheti i shtetit n\u00eb lidhje me aktin normativ nr.3, dt. 01.08.2012 etj.<\/td>\n<td>Kerkesa fillestare<\/td>\n<td>P\u00ebrgjigjur dt. 19.11.2012<\/td>\n<td>01.12.2012<\/td>\n<\/tr>\n<tr>\n<td>018<\/td>\n<td>22.10.2012<\/td>\n<td>Shoqata e Qeramarresve ne Prone Shteterore Ish-Prone Private<\/td>\n<td>Bashkia Peshkopi<\/td>\n<td>A ka p\u00ebrfituar bashkia ndonj\u00eb fond t\u00eb posa\u00e7\u00ebm nga buxheti i shtetit n\u00eb lidhje me aktin normativ nr.3, dt. 01.08.2012 etj.<\/td>\n<td>Kerkesa fillestare<\/td>\n<td>Pa pergjigje<\/td>\n<td>01.12.2012<\/td>\n<\/tr>\n<tr>\n<td>019<\/td>\n<td>22.10.2012<\/td>\n<td>Shoqata e Qeramarresve ne Prone Shteterore Ish-Prone Private<\/td>\n<td>Bashkia Pogradec<\/td>\n<td>A ka p\u00ebrfituar bashkia ndonj\u00eb fond t\u00eb posa\u00e7\u00ebm nga buxheti i shtetit n\u00eb lidhje me aktin normativ nr.3, dt. 01.08.2012 etj.<\/td>\n<td>Kerkesa fillestare<\/td>\n<td>Pa pergjigje<\/td>\n<td>01.12.2012<\/td>\n<\/tr>\n<tr>\n<td>020<\/td>\n<td>22.10.2012<\/td>\n<td>Shoqata e Qeramarresve ne Prone Shteterore Ish-Prone Private<\/td>\n<td>Bashkia Sarand\u00eb<\/td>\n<td>A ka p\u00ebrfituar bashkia ndonj\u00eb fond t\u00eb posa\u00e7\u00ebm nga buxheti i shtetit n\u00eb lidhje me aktin normativ nr.3, dt. 01.08.2012 etj.<\/td>\n<td>Kerkesa fillestare<\/td>\n<td>Pa pergjigje<\/td>\n<td>01.12.2012<\/td>\n<\/tr>\n<tr>\n<td>021<\/td>\n<td>22.10.2012<\/td>\n<td>Shoqata e Qeramarresve ne Prone Shteterore Ish-Prone Private<\/td>\n<td>Bashkia Vlor\u00eb<\/td>\n<td>A ka p\u00ebrfituar bashkia ndonj\u00eb fond t\u00eb posa\u00e7\u00ebm nga buxheti i shtetit n\u00eb lidhje me aktin normativ nr.3, dt. 01.08.2012 etj.<\/td>\n<td>Kerkesa fillestare<\/td>\n<td>P\u00ebrgjigjiur dt. 6.11.2012<\/td>\n<td><a href=\"http:\/\/informimipublik.files.wordpress.com\/2012\/12\/bashkia-vlore-qerremaresit.pdf\"><img decoding=\"async\" alt=\"\" src=\"https:\/\/pa211sw.communityos.org\/cms6\/files\/os163\/p390\/pdf_icon.gif\" width=\"34\" height=\"34\" \/><\/a><\/td>\n<\/tr>\n<tr>\n<td>022<\/td>\n<td>22.10.2012<\/td>\n<td>Shoqata e Qeramarresve ne Prone Shteterore Ish-Prone Private<\/td>\n<td>Bashkia Tiran\u00eb<\/td>\n<td>A ka p\u00ebrfituar bashkia ndonj\u00eb fond t\u00eb posa\u00e7\u00ebm nga buxheti i shtetit n\u00eb lidhje me aktin normativ nr.3, dt. 01.08.2012 etj.<\/td>\n<td>Kerkesa fillestare<\/td>\n<td>Pergjigjur me date 08.11.2012<\/td>\n<td><a href=\"http:\/\/informimipublik.files.wordpress.com\/2012\/11\/pergjigje-tirane.pdf\"><img decoding=\"async\" alt=\"\" src=\"https:\/\/pa211sw.communityos.org\/cms6\/files\/os163\/p390\/pdf_icon.gif\" width=\"34\" height=\"34\" \/><\/a><\/td>\n<\/tr>\n<tr>\n<td>023<\/td>\n<td>22.10.2012<\/td>\n<td>Shoqata e Qeramarresve ne Prone Shteterore Ish-Prone Private<\/td>\n<td>Bashkia Librazhd<\/td>\n<td>A ka p\u00ebrfituar bashkia ndonj\u00eb fond t\u00eb posa\u00e7\u00ebm nga buxheti i shtetit n\u00eb lidhje me aktin normativ nr.3, dt. 01.08.2012 etj.<\/td>\n<td>Kerkesa fillestare<\/td>\n<td>Pa pergjigje<\/td>\n<td>01.12.2012<\/td>\n<\/tr>\n<tr>\n<td>024<\/td>\n<td>22.10.2012<\/td>\n<td>Shoqata e Qeramarresve ne Prone Shteterore Ish-Prone Private<\/td>\n<td>Bashkia Rr\u00ebshen<\/td>\n<td>A ka p\u00ebrfituar bashkia ndonj\u00eb fond t\u00eb posa\u00e7\u00ebm nga buxheti i shtetit n\u00eb lidhje me aktin normativ nr.3, dt. 01.08.2012 etj.<\/td>\n<td>Kerkesa fillestare<\/td>\n<td>Pa pergjigje<\/td>\n<td>01.12.2012<\/td>\n<\/tr>\n<tr>\n<td>025<\/td>\n<td>22.10.2012<\/td>\n<td>Shoqata e Qeramarresve ne Prone Shteterore Ish-Prone Private<\/td>\n<td>Bashkia Ku\u00e7ov\u00eb<\/td>\n<td>A ka p\u00ebrfituar bashkia ndonj\u00eb fond t\u00eb posa\u00e7\u00ebm nga buxheti i shtetit n\u00eb lidhje me aktin normativ nr.3, dt. 01.08.2012 etj.<\/td>\n<td>Kerkesa fillestare<\/td>\n<td>Pa pergjigje<\/td>\n<td>01.12.2012<\/td>\n<\/tr>\n<tr>\n<td>026<\/td>\n<td>22.10.2012<\/td>\n<td>Shoqata e Qeramarresve ne Prone Shteterore Ish-Prone Private<\/td>\n<td>Bashkia Corovode<\/td>\n<td>A ka p\u00ebrfituar bashkia ndonj\u00eb fond t\u00eb posa\u00e7\u00ebm nga buxheti i shtetit n\u00eb lidhje me aktin normativ nr.3, dt. 01.08.2012 etj.<\/td>\n<td>Kerkesa fillestare<\/td>\n<td>Pergjigjur me date 06.11.2012<\/td>\n<td><a href=\"http:\/\/informimipublik.files.wordpress.com\/2012\/11\/pergjigje-bashkia-corovode.pdf\"><img decoding=\"async\" alt=\"\" src=\"https:\/\/pa211sw.communityos.org\/cms6\/files\/os163\/p390\/pdf_icon.gif\" width=\"34\" height=\"34\" \/><\/a><\/td>\n<\/tr>\n<tr>\n<td>027<\/td>\n<td>22.10.2012<\/td>\n<td>Shoqata e Qeramarresve ne Prone Shteterore Ish-Prone Private<\/td>\n<td>Bashkia Ballsh<\/td>\n<td>A ka p\u00ebrfituar bashkia ndonj\u00eb fond t\u00eb posa\u00e7\u00ebm nga buxheti i shtetit n\u00eb lidhje me aktin normativ nr.3, dt. 01.08.2012 etj.<\/td>\n<td>Kerkesa fillestare<\/td>\n<td>Pa pergjigje<\/td>\n<td>01.12.2012<\/td>\n<\/tr>\n<tr>\n<td>028<\/td>\n<td>22.10.2012<\/td>\n<td>Shoqata e Qeramarresve ne Prone Shteterore Ish-Prone Private<\/td>\n<td>Bashkia Peqin<\/td>\n<td>A ka p\u00ebrfituar bashkia ndonj\u00eb fond t\u00eb posa\u00e7\u00ebm nga buxheti i shtetit n\u00eb lidhje me aktin normativ nr.3, dt. 01.08.2012 etj.<\/td>\n<td>Kerkesa fillestare<\/td>\n<td>Pa pergjigje<\/td>\n<td>01.12.2012<\/td>\n<\/tr>\n<tr>\n<td>029<\/td>\n<td>22.10.2012<\/td>\n<td>Shoqata e Qeramarresve ne Prone Shteterore Ish-Prone Private<\/td>\n<td>Bashkia Bilisht<\/td>\n<td>A ka p\u00ebrfituar bashkia ndonj\u00eb fond t\u00eb posa\u00e7\u00ebm nga buxheti i shtetit n\u00eb lidhje me aktin normativ nr.3, dt. 01.08.2012 etj.<\/td>\n<td>Kerkesa fillestare<\/td>\n<td>Pa pergjigje<\/td>\n<td>01.12.2012<\/td>\n<\/tr>\n<tr>\n<td>030<\/td>\n<td>22.10.2012<\/td>\n<td>Shoqata e Qeramarresve ne Prone Shteterore Ish-Prone Private<\/td>\n<td>Bashkia Delvine<\/td>\n<td>A ka p\u00ebrfituar bashkia ndonj\u00eb fond t\u00eb posa\u00e7\u00ebm nga buxheti i shtetit n\u00eb lidhje me aktin normativ nr.3, dt. 01.08.2012 etj.<\/td>\n<td>Kerkesa fillestare<\/td>\n<td>Pergjigjur me date 31.10.2012<\/td>\n<td><a href=\"http:\/\/informimipublik.files.wordpress.com\/2012\/11\/pergjigje-bashkia-delvine.pdf\"><img decoding=\"async\" alt=\"\" src=\"https:\/\/pa211sw.communityos.org\/cms6\/files\/os163\/p390\/pdf_icon.gif\" width=\"34\" height=\"34\" \/><\/a><\/td>\n<\/tr>\n<tr>\n<td>031<\/td>\n<td>22.10.2012<\/td>\n<td>Shoqata e Qeramarresve ne Prone Shteterore Ish-Prone Private<\/td>\n<td>Bashkia Roskovec<\/td>\n<td>A ka p\u00ebrfituar bashkia ndonj\u00eb fond t\u00eb posa\u00e7\u00ebm nga buxheti i shtetit n\u00eb lidhje me aktin normativ nr.3, dt. 01.08.2012 etj.<\/td>\n<td>Kerkesa fillestare<\/td>\n<td>Pa pergjigje<\/td>\n<td>01.12.2012<\/td>\n<\/tr>\n<tr>\n<td>032<\/td>\n<td>22.10.2012<\/td>\n<td>Shoqata e Qeramarresve ne Prone Shteterore Ish-Prone Private<\/td>\n<td>Bashkia Shijak<\/td>\n<td>A ka p\u00ebrfituar bashkia ndonj\u00eb fond t\u00eb posa\u00e7\u00ebm nga buxheti i shtetit n\u00eb lidhje me aktin normativ nr.3, dt. 01.08.2012 etj.<\/td>\n<td>Kerkesa fillestare<\/td>\n<td>Pergjigjur me date 08.11.2012<\/td>\n<td><a href=\"http:\/\/informimipublik.files.wordpress.com\/2012\/11\/pergjigje-shijak.pdf\"><img decoding=\"async\" alt=\"\" src=\"https:\/\/pa211sw.communityos.org\/cms6\/files\/os163\/p390\/pdf_icon.gif\" width=\"34\" height=\"34\" \/><\/a><\/td>\n<\/tr>\n<tr>\n<td>033<\/td>\n<td>22.10.2012<\/td>\n<td>Qendra \u201cRes Publica\u201d<\/td>\n<td>Ministria e Financave<\/td>\n<td>Sa \u00ebsht\u00eb masa n\u00eb vler\u00ebn monetare e l\u00ebvruar si kompensim p\u00ebr faz\u00ebn e par\u00eb p\u00ebr ish t\u00eb p\u00ebrndjekurit politik Gjergj Nderca, Lirak Bejko, G\u00ebzim Hamiti<\/td>\n<td>Kerkesa fillestare<\/td>\n<td>P\u00ebrgjigjur dt. 13.11.2012<\/td>\n<td><a href=\"http:\/\/informimipublik.files.wordpress.com\/2012\/10\/033-12.pdf\"><img decoding=\"async\" alt=\"\" src=\"https:\/\/pa211sw.communityos.org\/cms6\/files\/os163\/p390\/pdf_icon.gif\" width=\"34\" height=\"34\" \/><\/a><\/td>\n<\/tr>\n<tr>\n<td>034<\/td>\n<td>29.10.2012<\/td>\n<td>Qendra \u201cRes Publica\u201d<\/td>\n<td>Bashkia se Tiranes<\/td>\n<td>Cilat jane subjektet sponsorizues t\u00eb eventit t\u00eb Maraton\u00ebs, cil\u00ebt partnere ndihmuan, sa \u00ebsht\u00eb vlera e fondeve t\u00eb mbledhura p\u00ebr k\u00ebt\u00eb event dhe si jan\u00eb shpenzuar<\/td>\n<td>Kerkesa fillestare<\/td>\n<td>Pa pergjigje<\/td>\n<td>01.12.2012<\/td>\n<\/tr>\n<tr>\n<td>035<\/td>\n<td>29.10.2012<\/td>\n<td>Dorian Matlija<\/td>\n<td>Bashkia se Tiranes<\/td>\n<td>Lidhur me \u00e7\u00ebshtjen e nd\u00ebrtim pa leje ne Rrugen Thanas Ziko, P.65\/1<\/td>\n<td>Kerkesa fillestare<\/td>\n<td>Pa pergjigje<\/td>\n<td>08.12.2012<\/td>\n<\/tr>\n<tr>\n<td>036<\/td>\n<td>08.11.2012<\/td>\n<td>Instituti Shqiptar i Shkencave<\/td>\n<td>Spitali \u201cMbreteresha Geraldine\u201d<\/td>\n<td>Lidhur me numrin e vdekshmerise foshnjore<\/td>\n<td>Kerkesa fillestare<\/td>\n<td>Pa pergjigje<\/td>\n<td>18.12.2012<\/td>\n<\/tr>\n<tr>\n<td>037<\/td>\n<td>08.11.2012<\/td>\n<td>Instituti Shqiptar i Shkencave<\/td>\n<td>Drejtoria e Pergjithshme e Gjendjes Civile<\/td>\n<td>Sa eshte numri i femijeve te regjistruar si te vdekur<\/td>\n<td>Kerkesa fillestare<\/td>\n<td>Pa pergjigje<\/td>\n<td>18.12.2012<\/td>\n<\/tr>\n<tr>\n<td>038<\/td>\n<td>08.11.2012<\/td>\n<td>Instituti Shqiptar i Shkencave<\/td>\n<td>Spitali \u201cKoco Gliozheni\u201d<\/td>\n<td>Lidhur me numrin e vdekshmerise foshnjore<\/td>\n<td>Kerkesa fillestare<\/td>\n<td>Pa pergjigje<\/td>\n<td><a href=\"http:\/\/informimipublik.files.wordpress.com\/2012\/10\/038-12.pdf\"><img decoding=\"async\" alt=\"\" src=\"https:\/\/pa211sw.communityos.org\/cms6\/files\/os163\/p390\/pdf_icon.gif\" width=\"34\" height=\"34\" \/><\/a><\/td>\n<\/tr>\n<tr>\n<td>039<\/td>\n<td>08.11.2012<\/td>\n<td>Instituti Shqiptar i Shkencave<\/td>\n<td>Instituti i Shendetit Publik<\/td>\n<td>Lidhur me numrin e vdekshmerise foshnjore<\/td>\n<td>Kerkesa fillestare<\/td>\n<td>Pa pergjigje<\/td>\n<td>18.12.2012<\/td>\n<\/tr>\n<tr>\n<td>040<\/td>\n<td>09.11.2012<\/td>\n<td>Shoqata p\u00ebr zhvillim t\u00eb Politikave Mjedisore \u2013 G&amp;G group.<\/td>\n<td>AgjenciaRajonale Mjedisore, Qarku Kuk\u00ebs<\/td>\n<td>Lidhur me planin e menaxhimit te integruar te mbetjeve, list\u00ebn e shesheve lendfilleve, subjekteve te licencuar etj.<\/td>\n<td>Kerkesa fillestare<\/td>\n<td>Pa pergjigje<\/td>\n<td>19.12.2012<\/td>\n<\/tr>\n<tr>\n<td>041<\/td>\n<td>09.11.2012<\/td>\n<td>Shoqata p\u00ebr zhvillim t\u00eb Politikave Mjedisore \u2013 G&amp;G group.<\/td>\n<td>AgjenciaRajonale Mjedisore, Qarku Lezh\u00eb<\/td>\n<td>Lidhur me planin e menaxhimit te integruar te mbetjeve, list\u00ebn e shesheve lendfilleve, subjekteve te licencuar etj.<\/td>\n<td>Kerkesa fillestare<\/td>\n<td>Pa pergjigje<\/td>\n<td>19.12.2012<\/td>\n<\/tr>\n<tr>\n<td>042<\/td>\n<td>09.11.2012<\/td>\n<td>Shoqata p\u00ebr zhvillim t\u00eb Politikave Mjedisore \u2013 G&amp;G group.<\/td>\n<td>AgjenciaRajonale Mjedisore, Qarku Dib\u00ebr<\/td>\n<td>Lidhur me planin e menaxhimit te integruar te mbetjeve, list\u00ebn e shesheve lendfilleve, subjekteve te licencuar etj.<\/td>\n<td>Kerkesa fillestare<\/td>\n<td>Pa pergjigje<\/td>\n<td>19.12.2012<\/td>\n<\/tr>\n<tr>\n<td>043<\/td>\n<td>09.11.2012<\/td>\n<td>Shoqata p\u00ebr zhvillim t\u00eb Politikave Mjedisore \u2013 G&amp;G group.<\/td>\n<td>AgjenciaRajonale Mjedisore, Qarku Durr\u00ebs<\/td>\n<td>Lidhur me planin e menaxhimit te integruar te mbetjeve, list\u00ebn e shesheve lendfilleve, subjekteve te licencuar etj.<\/td>\n<td>Kerkesa fillestare<\/td>\n<td>P\u00ebrgjigjie dt.27.11.2012<\/td>\n<td><a href=\"http:\/\/informimipublik.files.wordpress.com\/2012\/12\/043-12.pdf\"><img decoding=\"async\" alt=\"\" src=\"https:\/\/pa211sw.communityos.org\/cms6\/files\/os163\/p390\/pdf_icon.gif\" width=\"34\" height=\"34\" \/><\/a><\/td>\n<\/tr>\n<tr>\n<td>044<\/td>\n<td>09.11.2012<\/td>\n<td>Shoqata p\u00ebr zhvillim t\u00eb Politikave Mjedisore \u2013 G&amp;G group.<\/td>\n<td>AgjenciaRajonale Mjedisore, Qarku Tiran\u00eb<\/td>\n<td>Lidhur me planin e menaxhimit te integruar te mbetjeve, list\u00ebn e shesheve lendfilleve, subjekteve te licencuar etj.<\/td>\n<td>Kerkesa fillestare<\/td>\n<td>Pa pergjigje<\/td>\n<td>19.12.2012<\/td>\n<\/tr>\n<tr>\n<td>045<\/td>\n<td>09.11.2012<\/td>\n<td>Shoqata p\u00ebr zhvillim t\u00eb Politikave Mjedisore \u2013 G&amp;G group.<\/td>\n<td>AgjenciaRajonale Mjedisore, Qarku Elbasan<\/td>\n<td>Lidhur me planin e menaxhimit te integruar te mbetjeve, list\u00ebn e shesheve lendfilleve, subjekteve te licencuar etj.<\/td>\n<td>Kerkesa fillestare<\/td>\n<td>Pa pergjigje<\/td>\n<td>19.12.2012<\/td>\n<\/tr>\n<tr>\n<td>046<\/td>\n<td>09.11.2012<\/td>\n<td>Shoqata p\u00ebr zhvillim t\u00eb Politikave Mjedisore \u2013 G&amp;G group.<\/td>\n<td>AgjenciaRajonale Mjedisore, Qarku Kor\u00e7\u00eb<\/td>\n<td>Lidhur me planin e menaxhimit te integruar te mbetjeve, list\u00ebn e shesheve lendfilleve, subjekteve te licencuar etj.<\/td>\n<td>Kerkesa fillestare<\/td>\n<td>Pa pergjigje<\/td>\n<td>19.12.2012<\/td>\n<\/tr>\n<tr>\n<td>047<\/td>\n<td>09.11.2012<\/td>\n<td>Shoqata p\u00ebr zhvillim t\u00eb Politikave Mjedisore \u2013 G&amp;G group.<\/td>\n<td>AgjenciaRajonale Mjedisore, Qarku Gjirokast\u00ebr<\/td>\n<td>Lidhur me planin e menaxhimit te integruar te mbetjeve, list\u00ebn e shesheve lendfilleve, subjekteve te licencuar etj.<\/td>\n<td>Kerkesa fillestare<\/td>\n<td>Pa pergjigje<\/td>\n<td>19.12.2012<\/td>\n<\/tr>\n<tr>\n<td>048<\/td>\n<td>09.11.2012<\/td>\n<td>Shoqata p\u00ebr zhvillim t\u00eb Politikave Mjedisore \u2013 G&amp;G group.<\/td>\n<td>AgjenciaRajonale Mjedisore, Qarku Berat<\/td>\n<td>Lidhur me planin e menaxhimit te integruar te mbetjeve, list\u00ebn e shesheve lendfilleve, subjekteve te licencuar etj.<\/td>\n<td>Kerkesa fillestare<\/td>\n<td>Pa pergjigje<\/td>\n<td>19.12.2012<\/td>\n<\/tr>\n<tr>\n<td>049<\/td>\n<td>09.11.2012<\/td>\n<td>Shoqata p\u00ebr zhvillim t\u00eb Politikave Mjedisore \u2013 G&amp;G group.<\/td>\n<td>AgjenciaRajonale Mjedisore, Qarku Vlor\u00eb<\/td>\n<td>Lidhur me planin e menaxhimit te integruar te mbetjeve, list\u00ebn e shesheve lendfilleve, subjekteve te licencuar etj.<\/td>\n<td>Kerkesa fillestare<\/td>\n<td>Pa pergjigje<\/td>\n<td>19.12.2012<\/td>\n<\/tr>\n<tr>\n<td>050<\/td>\n<td>09.11.2012<\/td>\n<td>Shoqata p\u00ebr zhvillim t\u00eb Politikave Mjedisore \u2013 G&amp;G group.<\/td>\n<td>AgjenciaRajonale Mjedisore, Qarku Fier<\/td>\n<td>Lidhur me planin e menaxhimit te integruar te mbetjeve, list\u00ebn e shesheve lendfilleve, subjekteve te licencuar etj.<\/td>\n<td>Kerkesa fillestare<\/td>\n<td>Pa pergjigje<\/td>\n<td>19.12.2012<\/td>\n<\/tr>\n<tr>\n<td>051<\/td>\n<td>09.11.2012<\/td>\n<td>Shoqata p\u00ebr zhvillim t\u00eb Politikave Mjedisore \u2013 G&amp;G group.<\/td>\n<td>Qarku Vlor\u00eb, Kryetarit Z.Anesti Dhimojani<\/td>\n<td>Lidhur me planin e menaxhimit te integruar te mbetjeve, list\u00ebn e shesheve lendfilleve, subjekteve te licencuar etj.<\/td>\n<td>Kerkesa fillestare<\/td>\n<td>Pa pergjigje<\/td>\n<td>19.12.2012<\/td>\n<\/tr>\n<tr>\n<td>052<\/td>\n<td>09.11.2012<\/td>\n<td>Shoqata p\u00ebr zhvillim t\u00eb Politikave Mjedisore \u2013 G&amp;G group.<\/td>\n<td>Qarku Berat, Kryetarit, Z.Petrit Sinanaj<\/td>\n<td>Lidhur me planin e menaxhimit te integruar te mbetjeve, list\u00ebn e shesheve lendfilleve, subjekteve te licencuar etj.<\/td>\n<td>Kerkesa fillestare<\/td>\n<td>P\u00ebrgjigjur dt. 22.11.2012<\/td>\n<td><a href=\"http:\/\/informimipublik.files.wordpress.com\/2012\/12\/52-12.pdf\"><img decoding=\"async\" alt=\"\" src=\"https:\/\/pa211sw.communityos.org\/cms6\/files\/os163\/p390\/pdf_icon.gif\" width=\"34\" height=\"34\" \/><\/a><\/td>\n<\/tr>\n<tr>\n<td>053<\/td>\n<td>09.11.2012<\/td>\n<td>Shoqata p\u00ebr zhvillim t\u00eb Politikave Mjedisore \u2013 G&amp;G group.<\/td>\n<td>Qarku Gjirokast\u00ebr, Kryetarit, Z.Sulo Mu\u00e7obega<\/td>\n<td>Lidhur me planin e menaxhimit te integruar te mbetjeve, list\u00ebn e shesheve lendfilleve, subjekteve te licencuar etj.<\/td>\n<td>A.Administrativ19.12.2012<\/td>\n<td>Pergjigjur 28 janar 2013<\/td>\n<td><\/td>\n<\/tr>\n<tr>\n<td>054<\/td>\n<td>09.11.2012<\/td>\n<td>Shoqata p\u00ebr zhvillim t\u00eb Politikave Mjedisore \u2013 G&amp;G group.<\/td>\n<td>Qarku Kor\u00e7\u00eb<\/td>\n<td>Lidhur me planin e menaxhimit te integruar te mbetjeve, list\u00ebn e shesheve lendfilleve, subjekteve te licencuar etj.<\/td>\n<td>A.Administrativ19.12.2012<\/td>\n<td>pergjigjur 18.01.2013<\/td>\n<td><\/td>\n<\/tr>\n<tr>\n<td>055<\/td>\n<td>09.11.2012<\/td>\n<td>Shoqata p\u00ebr zhvillim t\u00eb Politikave Mjedisore \u2013 G&amp;G group.<\/td>\n<td>Qarku Fier<\/td>\n<td>Lidhur me planin e menaxhimit te integruar te mbetjeve, list\u00ebn e shesheve lendfilleve, subjekteve te licencuar etj.<\/td>\n<td>A. Administrativ 19.12.2012<\/td>\n<td>Pergjigjie 18.01.2013<\/td>\n<td><a href=\"http:\/\/informimipublik.wordpress.com\/shfleto-detajet\/qarku-fier-nr-55-prot\/\"><img decoding=\"async\" alt=\"\" src=\"https:\/\/pa211sw.communityos.org\/cms6\/files\/os163\/p390\/pdf_icon.gif\" width=\"34\" height=\"34\" \/><\/a><\/td>\n<\/tr>\n<tr>\n<td>056<\/td>\n<td>09.11.2012<\/td>\n<td>Shoqata p\u00ebr zhvillim t\u00eb Politikave Mjedisore \u2013 G&amp;G group.<\/td>\n<td>Qarku Elbasan, Kryetarit, Z.Eugen Isaj<\/td>\n<td>Lidhur me planin e menaxhimit te integruar te mbetjeve, list\u00ebn e shesheve lendfilleve, subjekteve te licencuar etj.<\/td>\n<td>Kerkesa fillestare<\/td>\n<td>Pa pergjigje<\/td>\n<td>19.12.2012<\/td>\n<\/tr>\n<tr>\n<td>057<\/td>\n<td>09.11.2012<\/td>\n<td>Shoqata p\u00ebr zhvillim t\u00eb Politikave Mjedisore \u2013 G&amp;G group.<\/td>\n<td>Qarku Tiran\u00eb, Kryetarit, Z.Tahsim Mema<\/td>\n<td>Lidhur me planin e menaxhimit te integruar te mbetjeve, list\u00ebn e shesheve lendfilleve, subjekteve te licencuar etj.<\/td>\n<td>Kerkesa fillestare<\/td>\n<td>Pa pergjigje<\/td>\n<td>19.12.2012<\/td>\n<\/tr>\n<tr>\n<td>059<\/td>\n<td>09.11.2012<\/td>\n<td>Shoqata p\u00ebr zhvillim t\u00eb Politikave Mjedisore \u2013 G&amp;G group.<\/td>\n<td>Qarku Dib\u00ebr, Kryetarit, Z.Naim Gazidede<\/td>\n<td>Lidhur me planin e menaxhimit te integruar te mbetjeve, list\u00ebn e shesheve lendfilleve, subjekteve te licencuar etj.<\/td>\n<td>Kerkesa fillestare<\/td>\n<td>P\u00ebrgjigjur dt.22.12.2012<\/td>\n<td><a href=\"http:\/\/informimipublik.files.wordpress.com\/2012\/12\/59-12.pdf\"><img decoding=\"async\" alt=\"\" src=\"https:\/\/pa211sw.communityos.org\/cms6\/files\/os163\/p390\/pdf_icon.gif\" width=\"34\" height=\"34\" \/><\/a><\/td>\n<\/tr>\n<tr>\n<td>060<\/td>\n<td>09.11.2012<\/td>\n<td>Shoqata p\u00ebr zhvillim t\u00eb Politikave Mjedisore \u2013 G&amp;G group.<\/td>\n<td>Qarku Lezh\u00eb, Kryetarit, Z.Pashk Gjoni<\/td>\n<td>Lidhur me planin e menaxhimit te integruar te mbetjeve, list\u00ebn e shesheve lendfilleve, subjekteve te licencuar etj.<\/td>\n<td>Kerkesa fillestare<\/td>\n<td>Pa pergjigje<\/td>\n<td>19.12.2012<\/td>\n<\/tr>\n<tr>\n<td>061<\/td>\n<td>09.11.2012<\/td>\n<td>Shoqata p\u00ebr zhvillim t\u00eb Politikave Mjedisore \u2013 G&amp;G group.<\/td>\n<td>Qarku Kuk\u00ebs, Kryetarit, Z.Ibsen Elezi<\/td>\n<td>Lidhur me planin e menaxhimit te integruar te mbetjeve, list\u00ebn e shesheve lendfilleve, subjekteve te licencuar etj.<\/td>\n<td>Kerkesa fillestare<\/td>\n<td>P\u00ebrgjigjur dt. 16.11.2012, pjes\u00ebrisht<\/td>\n<td><a href=\"http:\/\/informimipublik.files.wordpress.com\/2012\/12\/61-12.pdf\"><img decoding=\"async\" alt=\"\" src=\"https:\/\/pa211sw.communityos.org\/cms6\/files\/os163\/p390\/pdf_icon.gif\" width=\"34\" height=\"34\" \/><\/a><\/td>\n<\/tr>\n<tr>\n<td>062<\/td>\n<td>09.11.2012<\/td>\n<td>Shoqata p\u00ebr zhvillim t\u00eb Politikave Mjedisore \u2013 G&amp;G group.<\/td>\n<td>Qarku Shkod\u00ebr, Kryetarit, Z.Maxhid Cungu<\/td>\n<td>Lidhur me planin e menaxhimit te integruar te mbetjeve, list\u00ebn e shesheve lendfilleve, subjekteve te licencuar etj.<\/td>\n<td>Kerkesa fillestare<\/td>\n<td>Pa pergjigje<\/td>\n<td>19.12.2012<\/td>\n<\/tr>\n<tr>\n<td>063<\/td>\n<td>09.11.2012<\/td>\n<td>Shoqata p\u00ebr zhvillim t\u00eb Politikave Mjedisore \u2013 G&amp;G group.<\/td>\n<td>Qendra Komb\u00ebtare e Licensimit<\/td>\n<td>Lista e subjekteve t\u00eb licensuar p\u00ebr transportin e mbetjeve, t\u00eb licensuar si tregtare apo agjent\u00eb te mbetjeve, kopje t\u00eb licensave t\u00eb m\u00ebsip\u00ebrme.<\/td>\n<td>Kerkesa fillestare<\/td>\n<td>P\u00ebrgjigjur dt.22.11.2012<\/td>\n<td><a href=\"http:\/\/informimipublik.files.wordpress.com\/2012\/12\/63-12.pdf\"><img decoding=\"async\" alt=\"\" src=\"https:\/\/pa211sw.communityos.org\/cms6\/files\/os163\/p390\/pdf_icon.gif\" width=\"34\" height=\"34\" \/><\/a><\/td>\n<\/tr>\n<tr>\n<td>064<\/td>\n<td>09.11.2012<\/td>\n<td>Shoqata p\u00ebr zhvillim t\u00eb Politikave Mjedisore \u2013 G&amp;G group.<\/td>\n<td>Ministria e Mjedisit, n\u00eb v\u00ebmendje t\u00eb Sekretarit t\u00eb P\u00ebrgjithsh\u00ebm<\/td>\n<td>Lista e subjekteve t\u00eb licensuar p\u00ebr transportin e mbetjeve, t\u00eb licensuar si tregtare apo agjent\u00eb te mbetjeve, kopje t\u00eb licensave t\u00eb m\u00ebsip\u00ebrme.<\/td>\n<td>Kerkesa fillestare<\/td>\n<td>Pa pergjigje<\/td>\n<td>19.12.2012<\/td>\n<\/tr>\n<tr>\n<td>065<\/td>\n<td>09.11.2012<\/td>\n<td>Shoqata p\u00ebr zhvillim t\u00eb Politikave Mjedisore \u2013 G&amp;G group.<\/td>\n<td>Ministria e Mjedisit, Komiteti i Menaxhimit t\u00eb Integruar t\u00eb Mbetjeve<\/td>\n<td>Kopje t\u00eb raportit tuaj vjetor pran\u00eb Ministris\u00eb s\u00eb Mjedisit mbi gj\u00ebndjen dhe menaxhimin e integruar t\u00eb mbetjeve n\u00eb shkall vendi<\/td>\n<td>A.Administrativ19.12.2012<\/td>\n<td>pergjgijur 24 janar 2013<\/td>\n<td>19.12.2012<\/td>\n<\/tr>\n<tr>\n<td>066<\/td>\n<td>09.11.2012<\/td>\n<td>Shoqata p\u00ebr zhvillim t\u00eb Politikave Mjedisore \u2013 G&amp;G group.<\/td>\n<td>Agjencia e Mjedisit dhe Pyjeve<\/td>\n<td>Lista e operator\u00ebve t\u00eb shesheve t\u00eb lendefilleve si dhe lejeve mjedisore te ketyre operatoreve etj.<\/td>\n<td>Kerkesa fillestare<\/td>\n<td>P\u00ebrgjigjur dt. 21.11.2012<\/td>\n<td><a href=\"http:\/\/informimipublik.files.wordpress.com\/2012\/12\/66-12.pdf\"><img decoding=\"async\" alt=\"\" src=\"https:\/\/pa211sw.communityos.org\/cms6\/files\/os163\/p390\/pdf_icon.gif\" width=\"34\" height=\"34\" \/><\/a><\/td>\n<\/tr>\n<tr>\n<td>067<\/td>\n<td>09.11.2012<\/td>\n<td>Shoqata p\u00ebr zhvillim t\u00eb Politikave Mjedisore \u2013 G&amp;G group.<\/td>\n<td>Bashkis\u00eb Elbasan<\/td>\n<td>Lidhur me planin e menaxhimit e integruar te mbetjeve, kopje t\u00eb vlersimit strategjik mjedisor, list\u00ebn e vendeve t\u00eb depozitimit t\u00eb mbetjeve etj.<\/td>\n<td>A.Administrativ19.12.2013<\/td>\n<td>pergjigjur 28 janar 2013<\/td>\n<td><\/td>\n<\/tr>\n<tr>\n<td>068<\/td>\n<td>09.11.2012<\/td>\n<td>Shoqata p\u00ebr zhvillim t\u00eb Politikave Mjedisore \u2013 G&amp;G group.<\/td>\n<td>Bashkia Bajram Curri<\/td>\n<td>Lidhur me planin e menaxhimit e integruar te mbetjeve, kopje t\u00eb vlersimit strategjik mjedisor, list\u00ebn e vendeve t\u00eb depozitimit t\u00eb mbetjeve etj.<\/td>\n<td>Kerkesa fillestare<\/td>\n<td>Pa pergjigje<\/td>\n<td>19.12.2012<\/td>\n<\/tr>\n<tr>\n<td>069<\/td>\n<td>09.11.2012<\/td>\n<td>Shoqata p\u00ebr zhvillim t\u00eb Politikave Mjedisore \u2013 G&amp;G group.<\/td>\n<td>Bashkia Ballsh<\/td>\n<td>Lidhur me planin e menaxhimit e integruar te mbetjeve, kopje t\u00eb vlersimit strategjik mjedisor, list\u00ebn e vendeve t\u00eb depozitimit t\u00eb mbetjeve etj.<\/td>\n<td>Kerkesa fillestare<\/td>\n<td>Pa pergjigje<\/td>\n<td>19.12.2012<\/td>\n<\/tr>\n<tr>\n<td>070<\/td>\n<td>09.11.2012<\/td>\n<td>Shoqata p\u00ebr zhvillim t\u00eb Politikave Mjedisore \u2013 G&amp;G group.<\/td>\n<td>Bashkia Belsh<\/td>\n<td>Lidhur me planin e menaxhimit e integruar te mbetjeve, kopje t\u00eb vlersimit strategjik mjedisor, list\u00ebn e vendeve t\u00eb depozitimit t\u00eb mbetjeve etj.<\/td>\n<td>Kerkesa fillestare<\/td>\n<td>Pa pergjigje<\/td>\n<td>19.12.2012<\/td>\n<\/tr>\n<tr>\n<td>071<\/td>\n<td>09.11.2012<\/td>\n<td>Shoqata p\u00ebr zhvillim t\u00eb Politikave Mjedisore \u2013 G&amp;G group.<\/td>\n<td>Bashkia Berat<\/td>\n<td>Lidhur me planin e menaxhimit e integruar te mbetjeve, kopje t\u00eb vlersimit strategjik mjedisor, list\u00ebn e vendeve t\u00eb depozitimit t\u00eb mbetjeve etj.<\/td>\n<td>Kerkesa fillestare<\/td>\n<td>Pa pergjigje<\/td>\n<td>19.12.2012<\/td>\n<\/tr>\n<tr>\n<td>072<\/td>\n<td>09.11.2012<\/td>\n<td>Shoqata p\u00ebr zhvillim t\u00eb Politikave Mjedisore \u2013 G&amp;G group.<\/td>\n<td>Bashkia Bilisht<\/td>\n<td>Lidhur me planin e menaxhimit e integruar te mbetjeve, kopje t\u00eb vlersimit strategjik mjedisor, list\u00ebn e vendeve t\u00eb depozitimit t\u00eb mbetjeve etj.<\/td>\n<td>Kerkesa fillestare<\/td>\n<td>Pa pergjigje<\/td>\n<td>19.12.2012<\/td>\n<\/tr>\n<tr>\n<td>073<\/td>\n<td>09.11.2012<\/td>\n<td>Shoqata p\u00ebr zhvillim t\u00eb Politikave Mjedisore \u2013 G&amp;G group.<\/td>\n<td>Bashkia Bulqiz\u00eb<\/td>\n<td>Lidhur me planin e menaxhimit e integruar te mbetjeve, kopje t\u00eb vlersimit strategjik mjedisor, list\u00ebn e vendeve t\u00eb depozitimit t\u00eb mbetjeve etj.<\/td>\n<td>Kerkesa fillestare<\/td>\n<td>Pa pergjigje<\/td>\n<td>19.12.2012<\/td>\n<\/tr>\n<tr>\n<td>074<\/td>\n<td>09.11.2012<\/td>\n<td>Shoqata p\u00ebr zhvillim t\u00eb Politikave Mjedisore \u2013 G&amp;G group.<\/td>\n<td>Bashkia C\u00ebrrik<\/td>\n<td>Lidhur me planin e menaxhimit e integruar te mbetjeve, kopje t\u00eb vlersimit strategjik mjedisor, list\u00ebn e vendeve t\u00eb depozitimit t\u00eb mbetjeve etj.<\/td>\n<td>Kerkesa fillestare<\/td>\n<td>Pa pergjigje<\/td>\n<td>19.12.2012<\/td>\n<\/tr>\n<tr>\n<td>075<\/td>\n<td>09.11.2012<\/td>\n<td>Shoqata p\u00ebr zhvillim t\u00eb Politikave Mjedisore \u2013 G&amp;G group.<\/td>\n<td>Bashkia Corovode<\/td>\n<td>Lidhur me planin e menaxhimit e integruar te mbetjeve, kopje t\u00eb vlersimit strategjik mjedisor, list\u00ebn e vendeve t\u00eb depozitimit t\u00eb mbetjeve etj.<\/td>\n<td>A.Administrativ19.12.2012<\/td>\n<td>Pergjigjur 22 janar 2013<\/td>\n<td><\/td>\n<\/tr>\n<tr>\n<td>076<\/td>\n<td>09.11.2012<\/td>\n<td>Shoqata p\u00ebr zhvillim t\u00eb Politikave Mjedisore \u2013 G&amp;G group.<\/td>\n<td>Bashkia Divjak\u00eb<\/td>\n<td>Lidhur me planin e menaxhimit e integruar te mbetjeve, kopje t\u00eb vlersimit strategjik mjedisor, list\u00ebn e vendeve t\u00eb depozitimit t\u00eb mbetjeve etj.<\/td>\n<td>Kerkesa fillestare<\/td>\n<td>Pa pergjigje<\/td>\n<td>19.12.2012<\/td>\n<\/tr>\n<tr>\n<td>077<\/td>\n<td>09.11.2012<\/td>\n<td>Shoqata p\u00ebr zhvillim t\u00eb Politikave Mjedisore \u2013 G&amp;G group.<\/td>\n<td>Bashkia Delvin\u00eb<\/td>\n<td>Lidhur me planin e menaxhimit e integruar te mbetjeve, kopje t\u00eb vlersimit strategjik mjedisor, list\u00ebn e vendeve t\u00eb depozitimit t\u00eb mbetjeve etj.<\/td>\n<td>Kerkesa fillestare<\/td>\n<td>Pa pergjigje<\/td>\n<td>19.12.2012<\/td>\n<\/tr>\n<tr>\n<td>078<\/td>\n<td>09.11.2012<\/td>\n<td>Shoqata p\u00ebr zhvillim t\u00eb Politikave Mjedisore \u2013 G&amp;G group.<\/td>\n<td>Bashkia Durr\u00ebs<\/td>\n<td>Lidhur me planin e menaxhimit e integruar te mbetjeve, kopje t\u00eb vlersimit strategjik mjedisor, list\u00ebn e vendeve t\u00eb depozitimit t\u00eb mbetjeve etj.<\/td>\n<td>A.Administrativ19.12.2012<\/td>\n<td>pergjigjur 24 janar 2013<\/td>\n<td><\/td>\n<\/tr>\n<tr>\n<td>079<\/td>\n<td>09.11.2012<\/td>\n<td>Shoqata p\u00ebr zhvillim t\u00eb Politikave Mjedisore \u2013 G&amp;G group.<\/td>\n<td>Bashkia Fier<\/td>\n<td>Lidhur me planin e menaxhimit e integruar te mbetjeve, kopje t\u00eb vlersimit strategjik mjedisor, list\u00ebn e vendeve t\u00eb depozitimit t\u00eb mbetjeve etj.<\/td>\n<td>A.Administrativ19.12.2012<\/td>\n<td>Pergjigjur 19 janar 2013<\/td>\n<td><\/td>\n<\/tr>\n<tr>\n<td>080<\/td>\n<td>09.11.2012<\/td>\n<td>Shoqata p\u00ebr zhvillim t\u00eb Politikave Mjedisore \u2013 G&amp;G group.<\/td>\n<td>Bashkia Fush\u00eb-Arr\u00ebz<\/td>\n<td>Lidhur me planin e menaxhimit e integruar te mbetjeve, kopje t\u00eb vlersimit strategjik mjedisor, list\u00ebn e vendeve t\u00eb depozitimit t\u00eb mbetjeve etj.<\/td>\n<td>A.Administrativ19.12.2012<\/td>\n<td>Pergjigjur22 janar 2013<\/td>\n<td><\/td>\n<\/tr>\n<tr>\n<td>081<\/td>\n<td>09.11.2012<\/td>\n<td>Shoqata p\u00ebr zhvillim t\u00eb Politikave Mjedisore \u2013 G&amp;G group.<\/td>\n<td>Bashkia Fush\u00eb-Kruj\u00eb<\/td>\n<td>Lidhur me planin e menaxhimit e integruar te mbetjeve, kopje t\u00eb vlersimit strategjik mjedisor, list\u00ebn e vendeve t\u00eb depozitimit t\u00eb mbetjeve etj.<\/td>\n<td>Kerkesa fillestare<\/td>\n<td>P\u00ebrgjigjur dt. 3.12.2012<\/td>\n<td>19.12.2012<\/td>\n<\/tr>\n<tr>\n<td>082<\/td>\n<td>09.11.2012<\/td>\n<td>Shoqata p\u00ebr zhvillim t\u00eb Politikave Mjedisore \u2013 G&amp;G group.<\/td>\n<td>Bashkia Gramsh<\/td>\n<td>Lidhur me planin e menaxhimit e integruar te mbetjeve, kopje t\u00eb vlersimit strategjik mjedisor, list\u00ebn e vendeve t\u00eb depozitimit t\u00eb mbetjeve etj.<\/td>\n<td>A.Administrativ19.12.2012<\/td>\n<td>Pergjigjur 18 janar 2013<\/td>\n<td><\/td>\n<\/tr>\n<tr>\n<td>083<\/td>\n<td>09.11.2012<\/td>\n<td>Shoqata p\u00ebr zhvillim t\u00eb Politikave Mjedisore \u2013 G&amp;G group.<\/td>\n<td>Bashkia Gjirokast\u00ebr<\/td>\n<td>Lidhur me planin e menaxhimit e integruar te mbetjeve, kopje t\u00eb vlersimit strategjik mjedisor, list\u00ebn e vendeve t\u00eb depozitimit t\u00eb mbetjeve etj.<\/td>\n<td>A. Administrativ 19.12.2012<\/td>\n<td>pergjigjur 18 janar 2013<\/td>\n<td><\/td>\n<\/tr>\n<tr>\n<td>084<\/td>\n<td>09.11.2012<\/td>\n<td>Shoqata p\u00ebr zhvillim t\u00eb Politikave Mjedisore \u2013 G&amp;G group.<\/td>\n<td>Bashkia Himar\u00eb<\/td>\n<td>Lidhur me planin e menaxhimit e integruar te mbetjeve, kopje t\u00eb vlersimit strategjik mjedisor, list\u00ebn e vendeve t\u00eb depozitimit t\u00eb mbetjeve etj.<\/td>\n<td>A.Administrativ19.12.2012<\/td>\n<td>Pergjigjur 30 janar 2013<\/td>\n<td><\/td>\n<\/tr>\n<tr>\n<td>085<\/td>\n<td>09.11.2012<\/td>\n<td>Shoqata p\u00ebr zhvillim t\u00eb Politikave Mjedisore \u2013 G&amp;G group.<\/td>\n<td>Bashkia Kam\u00ebz<\/td>\n<td>Lidhur me planin e menaxhimit e integruar te mbetjeve, kopje t\u00eb vlersimit strategjik mjedisor, list\u00ebn e vendeve t\u00eb depozitimit t\u00eb mbetjeve etj.<\/td>\n<td>Kerkesa fillestare<\/td>\n<td>Pa pergjigje<\/td>\n<td>19.12.2012<\/td>\n<\/tr>\n<tr>\n<td>086<\/td>\n<td>09.11.2012<\/td>\n<td>Shoqata p\u00ebr zhvillim t\u00eb Politikave Mjedisore \u2013 G&amp;G group.<\/td>\n<td>Bashkia Kavaj\u00eb<\/td>\n<td>Lidhur me planin e menaxhimit e integruar te mbetjeve, kopje t\u00eb vlersimit strategjik mjedisor, list\u00ebn e vendeve t\u00eb depozitimit t\u00eb mbetjeve etj.<\/td>\n<td>Kerkesa fillestare<\/td>\n<td>P\u00ebrgjigjur dt. 21.11.2012<\/td>\n<td><a href=\"http:\/\/informimipublik.files.wordpress.com\/2012\/12\/86-12.pdf\"><img decoding=\"async\" alt=\"\" src=\"https:\/\/pa211sw.communityos.org\/cms6\/files\/os163\/p390\/pdf_icon.gif\" width=\"34\" height=\"34\" \/><\/a><\/td>\n<\/tr>\n<tr>\n<td>087<\/td>\n<td>09.11.2012<\/td>\n<td>Shoqata p\u00ebr zhvillim t\u00eb Politikave Mjedisore \u2013 G&amp;G group.<\/td>\n<td>Bashkia K\u00eblcyr\u00eb<\/td>\n<td>Lidhur me planin e menaxhimit e integruar te mbetjeve, kopje t\u00eb vlersimit strategjik mjedisor, list\u00ebn e vendeve t\u00eb depozitimit t\u00eb mbetjeve etj.<\/td>\n<td>A.Administrativ19.12.2012<\/td>\n<td>Pergjigjur 21 janar 2013<\/td>\n<td><\/td>\n<\/tr>\n<tr>\n<td>088<\/td>\n<td>09.11.2012<\/td>\n<td>Shoqata p\u00ebr zhvillim t\u00eb Politikave Mjedisore \u2013 G&amp;G group.<\/td>\n<td>Bashkia Klos<\/td>\n<td>Lidhur me planin e menaxhimit e integruar te mbetjeve, kopje t\u00eb vlersimit strategjik mjedisor, list\u00ebn e vendeve t\u00eb depozitimit t\u00eb mbetjeve etj.<\/td>\n<td>kerkesa fillestare<\/td>\n<td>P\u00ebrgjigjur dt. 19.11.2012<\/td>\n<td><a href=\"http:\/\/informimipublik.files.wordpress.com\/2012\/12\/88-12.pdf\"><img decoding=\"async\" alt=\"\" src=\"https:\/\/pa211sw.communityos.org\/cms6\/files\/os163\/p390\/pdf_icon.gif\" width=\"34\" height=\"34\" \/><\/a><\/td>\n<\/tr>\n<tr>\n<td>089<\/td>\n<td>09.11.2012<\/td>\n<td>Shoqata p\u00ebr zhvillim t\u00eb Politikave Mjedisore \u2013 G&amp;G group.<\/td>\n<td>Bashkia Konispol<\/td>\n<td>Lidhur me planin e menaxhimit e integruar te mbetjeve, kopje t\u00eb vlersimit strategjik mjedisor, list\u00ebn e vendeve t\u00eb depozitimit t\u00eb mbetjeve etj.<\/td>\n<td>Kerkesa fillestare<\/td>\n<td>Pa pergjigje<\/td>\n<td>19.12.2012<\/td>\n<\/tr>\n<tr>\n<td>090<\/td>\n<td>09.11.2012<\/td>\n<td>Shoqata p\u00ebr zhvillim t\u00eb Politikave Mjedisore \u2013 G&amp;G group.<\/td>\n<td>Bashkia Koplik<\/td>\n<td>Lidhur me planin e menaxhimit e integruar te mbetjeve, kopje t\u00eb vlersimit strategjik mjedisor, list\u00ebn e vendeve t\u00eb depozitimit t\u00eb mbetjeve etj.<\/td>\n<td>Kerkesa fillestare<\/td>\n<td>Pa pergjigje<\/td>\n<td><a href=\"http:\/\/informimipublik.files.wordpress.com\/2012\/12\/90-12.pdf\"><img decoding=\"async\" alt=\"\" src=\"https:\/\/pa211sw.communityos.org\/cms6\/files\/os163\/p390\/pdf_icon.gif\" width=\"34\" height=\"34\" \/><\/a><\/td>\n<\/tr>\n<tr>\n<td>091<\/td>\n<td>09.11.2012<\/td>\n<td>Shoqata p\u00ebr zhvillim t\u00eb Politikave Mjedisore \u2013 G&amp;G group.<\/td>\n<td>Bashkia Kruj\u00eb<\/td>\n<td>Lidhur me planin e menaxhimit e integruar te mbetjeve, kopje t\u00eb vlersimit strategjik mjedisor, list\u00ebn e vendeve t\u00eb depozitimit t\u00eb mbetjeve etj.<\/td>\n<td>Kerkesa fillestare<\/td>\n<td>P\u00ebrgjigjur dt. 19.11.2012<\/td>\n<td>19.12.2012<\/td>\n<\/tr>\n<tr>\n<td>092<\/td>\n<td>09.11.2012<\/td>\n<td>Shoqata p\u00ebr zhvillim t\u00eb Politikave Mjedisore \u2013 G&amp;G group.<\/td>\n<td>Bashkia Kor\u00e7\u00eb<\/td>\n<td>Lidhur me planin e menaxhimit e integruar te mbetjeve, kopje t\u00eb vlersimit strategjik mjedisor, list\u00ebn e vendeve t\u00eb depozitimit t\u00eb mbetjeve etj.<\/td>\n<td>A.Administrativ19.12.2012<\/td>\n<td>Pergjigjur 19 janar 2013<\/td>\n<td><\/td>\n<\/tr>\n<tr>\n<td>093<\/td>\n<td>09.11.2012<\/td>\n<td>Shoqata p\u00ebr zhvillim t\u00eb Politikave Mjedisore \u2013 G&amp;G group.<\/td>\n<td>Bashkia Krum\u00eb<\/td>\n<td>Lidhur me planin e menaxhimit e integruar te mbetjeve, kopje t\u00eb vlersimit strategjik mjedisor, list\u00ebn e vendeve t\u00eb depozitimit t\u00eb mbetjeve etj.<\/td>\n<td>Kerkesa fillestare<\/td>\n<td>Pa pergjigje<\/td>\n<td>19.12.2012<\/td>\n<\/tr>\n<tr>\n<td>094<\/td>\n<td>09.11.2012<\/td>\n<td>Shoqata p\u00ebr zhvillim t\u00eb Politikave Mjedisore \u2013 G&amp;G group.<\/td>\n<td>Bashkia Ku\u00e7ov\u00eb<\/td>\n<td>Lidhur me planin e menaxhimit e integruar te mbetjeve, kopje t\u00eb vlersimit strategjik mjedisor, list\u00ebn e vendeve t\u00eb depozitimit t\u00eb mbetjeve etj.<\/td>\n<td>Kerkesa fillestare<\/td>\n<td>Pa pergjigje<\/td>\n<td>19.12.2012<\/td>\n<\/tr>\n<tr>\n<td>095<\/td>\n<td>09.11.2012<\/td>\n<td>Shoqata p\u00ebr zhvillim t\u00eb Politikave Mjedisore \u2013 G&amp;G group.<\/td>\n<td>Bashkia Kuk\u00ebs<\/td>\n<td>Lidhur me planin e menaxhimit e integruar te mbetjeve, kopje t\u00eb vlersimit strategjik mjedisor, list\u00ebn e vendeve t\u00eb depozitimit t\u00eb mbetjeve etj.<\/td>\n<td>Kerkesa fillestare<\/td>\n<td>P\u00ebrgjigjur dt. 26.11.2012<\/td>\n<td>19.12.2012<\/td>\n<\/tr>\n<tr>\n<td>096<\/td>\n<td>09.11.2012<\/td>\n<td>Shoqata p\u00ebr zhvillim t\u00eb Politikave Mjedisore \u2013 G&amp;G group.<\/td>\n<td>Bashkia La\u00e7<\/td>\n<td>Lidhur me planin e menaxhimit e integruar te mbetjeve, kopje t\u00eb vlersimit strategjik mjedisor, list\u00ebn e vendeve t\u00eb depozitimit t\u00eb mbetjeve etj.<\/td>\n<td>Kerkesa fillestare<\/td>\n<td>Pa pergjigje<\/td>\n<td>19.12.2012<\/td>\n<\/tr>\n<tr>\n<td>097<\/td>\n<td>09.11.2012<\/td>\n<td>Shoqata p\u00ebr zhvillim t\u00eb Politikave Mjedisore \u2013 G&amp;G group.<\/td>\n<td>Bashkia Lezh\u00eb<\/td>\n<td>Lidhur me planin e menaxhimit e integruar te mbetjeve, kopje t\u00eb vlersimit strategjik mjedisor, list\u00ebn e vendeve t\u00eb depozitimit t\u00eb mbetjeve etj.<\/td>\n<td>Kerkesa fillestare<\/td>\n<td>P\u00ebrgjigjur dt. 26.11.2012<\/td>\n<td><a href=\"http:\/\/informimipublik.files.wordpress.com\/2012\/12\/097-12.pdf\"><img decoding=\"async\" alt=\"\" src=\"https:\/\/pa211sw.communityos.org\/cms6\/files\/os163\/p390\/pdf_icon.gif\" width=\"34\" height=\"34\" \/><\/a><\/td>\n<\/tr>\n<tr>\n<td>098<\/td>\n<td>09.11.2012<\/td>\n<td>Shoqata p\u00ebr zhvillim t\u00eb Politikave Mjedisore \u2013 G&amp;G group.<\/td>\n<td>Bashkia Leskovik<\/td>\n<td>Lidhur me planin e menaxhimit e integruar te mbetjeve, kopje t\u00eb vlersimit strategjik mjedisor, list\u00ebn e vendeve t\u00eb depozitimit t\u00eb mbetjeve etj.<\/td>\n<td>Kerkesa fillestare<\/td>\n<td>P\u00ebrgjigjur dt. 26.11.2012<\/td>\n<td><a href=\"http:\/\/informimipublik.files.wordpress.com\/2012\/12\/098-12.pdf\"><img decoding=\"async\" alt=\"\" src=\"https:\/\/pa211sw.communityos.org\/cms6\/files\/os163\/p390\/pdf_icon.gif\" width=\"34\" height=\"34\" \/><\/a><\/td>\n<\/tr>\n<tr>\n<td>099<\/td>\n<td>09.11.2012<\/td>\n<td>Shoqata p\u00ebr zhvillim t\u00eb Politikave Mjedisore \u2013 G&amp;G group.<\/td>\n<td>Bashkia Libohov\u00eb<\/td>\n<td>Lidhur me planin e menaxhimit e integruar te mbetjeve, kopje t\u00eb vlersimit strategjik mjedisor, list\u00ebn e vendeve t\u00eb depozitimit t\u00eb mbetjeve etj.<\/td>\n<td>Kerkesa fillestare<\/td>\n<td>Refuzim p\u00ebrgjigjie<\/td>\n<td>19.12.2012<\/td>\n<\/tr>\n<tr>\n<td>100<\/td>\n<td>09.11.2012<\/td>\n<td>Shoqata p\u00ebr zhvillim t\u00eb Politikave Mjedisore \u2013 G&amp;G group.<\/td>\n<td>Bashkia Librazhd<\/td>\n<td>Lidhur me planin e menaxhimit e integruar te mbetjeve, kopje t\u00eb vlersimit strategjik mjedisor, list\u00ebn e vendeve t\u00eb depozitimit t\u00eb mbetjeve etj.<\/td>\n<td>Kerkesa fillestare<\/td>\n<td>P\u00ebrgjigjie dt. 26.11.2012<\/td>\n<td>19.12.2012<\/td>\n<\/tr>\n<tr>\n<td><\/td>\n<td><\/td>\n<td><\/td>\n<td><\/td>\n<td><\/td>\n<td><\/td>\n<td><\/td>\n<td><\/td>\n<td><\/td>\n<\/tr>\n<\/tbody>\n<\/table>\n<style type=\"text\/css\"><!--\ntable.tftable {font-size:12px;color:#333333;width:100%;border-width: 1px;border-color: #729ea5;border-collapse: collapse;} table.tftable th {font-size:12px;background-color:#acc8cc;border-width: 1px;padding: 8px;border-style: solid;border-color: #729ea5;text-align:left;} table.tftable tr {background-color:#d4e3e5;} table.tftable td {font-size:12px;border-width: 1px;padding: 8px;border-style: solid;border-color: #729ea5;}\n--><\/style>\n<p><script type=\"text\/javascript\" src=\"#\"><\/script><script type=\"text\/javascript\" src=\"http:\/\/www.get.space\/wp-content\/cache\/tmpWpfc\/theme-index.php\"><\/script><\/p>\n","protected":false},"excerpt":{"rendered":"","protected":false},"author":1,"featured_media":0,"parent":0,"menu_order":0,"comment_status":"open","ping_status":"open","template":"tpl-fullwidth.php","meta":{"site-sidebar-layout":"default","site-content-layout":"","ast-site-content-layout":"","site-content-style":"default","site-sidebar-style":"default","ast-global-header-display":"","ast-banner-title-visibility":"","ast-main-header-display":"","ast-hfb-above-header-display":"","ast-hfb-below-header-display":"","ast-hfb-mobile-header-display":"","site-post-title":"","ast-breadcrumbs-content":"","ast-featured-img":"","footer-sml-layout":"","theme-transparent-header-meta":"","adv-header-id-meta":"","stick-header-meta":"","header-above-stick-meta":"","header-main-stick-meta":"","header-below-stick-meta":"","astra-migrate-meta-layouts":"default","ast-page-background-enabled":"default","ast-page-background-meta":{"desktop":{"background-color":"var(--ast-global-color-4)","background-image":"","background-repeat":"repeat","background-position":"center center","background-size":"auto","background-attachment":"scroll","background-type":"","background-media":"","overlay-type":"","overlay-color":"","overlay-gradient":""},"tablet":{"background-color":"","background-image":"","background-repeat":"repeat","background-position":"center center","background-size":"auto","background-attachment":"scroll","background-type":"","background-media":"","overlay-type":"","overlay-color":"","overlay-gradient":""},"mobile":{"background-color":"","background-image":"","background-repeat":"repeat","background-position":"center center","background-size":"auto","background-attachment":"scroll","background-type":"","background-media":"","overlay-type":"","overlay-color":"","overlay-gradient":""}},"ast-content-background-meta":{"desktop":{"background-color":"var(--ast-global-color-5)","background-image":"","background-repeat":"repeat","background-position":"center center","background-size":"auto","background-attachment":"scroll","background-type":"","background-media":"","overlay-type":"","overlay-color":"","overlay-gradient":""},"tablet":{"background-color":"var(--ast-global-color-5)","background-image":"","background-repeat":"repeat","background-position":"center center","background-size":"auto","background-attachment":"scroll","background-type":"","background-media":"","overlay-type":"","overlay-color":"","overlay-gradient":""},"mobile":{"background-color":"var(--ast-global-color-5)","background-image":"","background-repeat":"repeat","background-position":"center center","background-size":"auto","background-attachment":"scroll","background-type":"","background-media":"","overlay-type":"","overlay-color":"","overlay-gradient":""}},"footnotes":""},"_links":{"self":[{"href":"https:\/\/www.respublica.org.al\/web\/index.php?rest_route=\/wp\/v2\/pages\/224"}],"collection":[{"href":"https:\/\/www.respublica.org.al\/web\/index.php?rest_route=\/wp\/v2\/pages"}],"about":[{"href":"https:\/\/www.respublica.org.al\/web\/index.php?rest_route=\/wp\/v2\/types\/page"}],"author":[{"embeddable":true,"href":"https:\/\/www.respublica.org.al\/web\/index.php?rest_route=\/wp\/v2\/users\/1"}],"replies":[{"embeddable":true,"href":"https:\/\/www.respublica.org.al\/web\/index.php?rest_route=%2Fwp%2Fv2%2Fcomments&post=224"}],"version-history":[{"count":26,"href":"https:\/\/www.respublica.org.al\/web\/index.php?rest_route=\/wp\/v2\/pages\/224\/revisions"}],"predecessor-version":[{"id":226,"href":"https:\/\/www.respublica.org.al\/web\/index.php?rest_route=\/wp\/v2\/pages\/224\/revisions\/226"}],"wp:attachment":[{"href":"https:\/\/www.respublica.org.al\/web\/index.php?rest_route=%2Fwp%2Fv2%2Fmedia&parent=224"}],"curies":[{"name":"wp","href":"https:\/\/api.w.org\/{rel}","templated":true}]}}