{"id":2707,"date":"2023-10-31T11:36:30","date_gmt":"2023-10-31T10:36:30","guid":{"rendered":"https:\/\/www.respublica.org.al\/?page_id=2707"},"modified":"2023-10-31T20:07:07","modified_gmt":"2023-10-31T19:07:07","slug":"formulare","status":"publish","type":"page","link":"https:\/\/www.respublica.org.al\/web\/?page_id=2707","title":{"rendered":"Formular\u00eb"},"content":{"rendered":"\n<p>M\u00eb posht\u00eb mund t\u00eb shkarkoni formular\u00eb t\u00eb gatsh\u00ebm p\u00ebr veprime t\u00eb ndryshme&nbsp;gjyq\u00ebsore.<\/p>\n\n\n\n<div style=\"height:21px\" aria-hidden=\"true\" class=\"wp-block-spacer\"><\/div>\n\n\n\n<p><a href=\"https:\/\/www.respublica.org.al\/wp-content\/uploads\/2023\/10\/Ankim-administrativ.docx\">Ankim administrativ<\/a><\/p>\n\n\n\n<p><a href=\"https:\/\/www.respublica.org.al\/wp-content\/uploads\/2023\/10\/Ankim-Apelim-ndaj-vendimit-te-gjykates-se-rrethit-gjyqesor.docx\">Ankim (Apelim) ndaj vendimit t\u00eb gjykat\u00ebs s\u00eb rrethit gjyq\u00ebsor<\/a><\/p>\n\n\n\n<p><a href=\"https:\/\/www.respublica.org.al\/wp-content\/uploads\/2023\/10\/Ankim-Rekurs-Gjykata-e-Larte-Kolegji-Penal-ndaj-vendimit-te-gjykates-se-apelit.docx\">Ankim (Rekurs Gjykata e Lart\u00eb Kolegji Penal) ndaj vendimit t\u00eb gjykat\u00ebs s\u00eb apelit<\/a><\/p>\n\n\n\n<p><a href=\"https:\/\/www.respublica.org.al\/wp-content\/uploads\/2023\/10\/Ankim-ndaj-vendimit-te-mosfillimit-te-procedimit-penal.docx\">Ankim ndaj vendimit t\u00eb mosfillimit te procedimit penal<\/a><\/p>\n\n\n\n<p><a href=\"https:\/\/www.respublica.org.al\/wp-content\/uploads\/2023\/10\/Ankim-ndaj-vendimit-te-pushimit-te-procedimit-penal.docx\">Ankim ndaj vendimit t\u00eb pushimit t\u00eb procedimit penal<\/a><\/p>\n\n\n\n<p><a href=\"https:\/\/www.respublica.org.al\/wp-content\/uploads\/2023\/10\/Apel-kundershtues.docx\">Apel kund\u00ebrshtues<\/a><\/p>\n\n\n\n<p><a href=\"https:\/\/www.respublica.org.al\/wp-content\/uploads\/2023\/10\/Autorizim-perfaqesimi.docx\">Autorizim p\u00ebrfaq\u00ebsimi<\/a><\/p>\n\n\n\n<p><a href=\"https:\/\/www.respublica.org.al\/wp-content\/uploads\/2023\/10\/Formulare-per-individet-ne-nevoje.doc\">Formular\u00eb p\u00ebr individ\u00ebt n\u00eb nevoj\u00eb<\/a><\/p>\n\n\n\n<p><a href=\"https:\/\/www.respublica.org.al\/wp-content\/uploads\/2023\/10\/Formulari-i-aplikimit-per-ndihmen-ligjore.docx\">Formulari i aplikimit p\u00ebr ndihm\u00ebn ligjore<\/a><\/p>\n\n\n\n<p><a href=\"https:\/\/www.respublica.org.al\/wp-content\/uploads\/2023\/10\/Kerkese-caktim-kujdestari.docx\">K\u00ebrkes\u00eb caktim kujdestari<\/a><\/p>\n\n\n\n<p><a href=\"https:\/\/www.respublica.org.al\/wp-content\/uploads\/2023\/10\/Kerkese-ndryshim-i-pergjegjesise-prinderore.docx\">K\u00ebrkes\u00eb ndryshim i p\u00ebrgjegj\u00ebsis\u00eb prind\u00ebrore<\/a><\/p>\n\n\n\n<p><a href=\"https:\/\/www.respublica.org.al\/wp-content\/uploads\/2023\/10\/Kerkese-padi-pavlefshmeri-titulli-ekzekutiv.doc\">K\u00ebrkes\u00eb padi pavlefshm\u00ebri titulli ekzekutiv<\/a><\/p>\n\n\n\n<p><a href=\"https:\/\/www.respublica.org.al\/wp-content\/uploads\/2023\/10\/Kerkese-per-heqje-dore-nga-ankimi.docx\">K\u00ebrkes\u00eb p\u00ebr heqje dor\u00eb nga ankimi<\/a><\/p>\n\n\n\n<p><a href=\"https:\/\/www.respublica.org.al\/wp-content\/uploads\/2023\/10\/Kerkese-per-leshimin-e-urdhrit-te-ekzekutimit.docx\">K\u00ebrkes\u00eb p\u00ebr l\u00ebshimin e urdhrit t\u00eb ekzekutimit<\/a><\/p>\n\n\n\n<p><a href=\"https:\/\/www.respublica.org.al\/wp-content\/uploads\/2023\/10\/Kerkese-per-ndreqje-gabimi.docx\">K\u00ebrkes\u00eb p\u00ebr ndreqje gabimi<\/a><\/p>\n\n\n\n<p><a href=\"https:\/\/www.respublica.org.al\/wp-content\/uploads\/2023\/10\/Kerkese-per-pezullimin-e-vendimit.docx\">K\u00ebrkes\u00eb p\u00ebr pezullimin e vendimit<\/a><\/p>\n\n\n\n<p><a href=\"https:\/\/www.respublica.org.al\/wp-content\/uploads\/2023\/10\/Kerkese-per-rivendosje-ne-afat.docx\">K\u00ebrkes\u00eb p\u00ebr rivendosje n\u00eb afat<\/a><\/p>\n\n\n\n<p><a href=\"https:\/\/www.respublica.org.al\/wp-content\/uploads\/2023\/10\/Kerkese-per-venien-ne-ekzekutim.docx\">K\u00ebrkes\u00eb p\u00ebr v\u00ebnien n\u00eb ekzekutim<\/a><\/p>\n\n\n\n<p><a href=\"https:\/\/www.respublica.org.al\/wp-content\/uploads\/2023\/10\/Kerkese-per-Ankim-ndaj-vendimit-te-drejtuesit-te-institucionit-te-ekzekutimit-te-vendimeve-penale-per-dheninen-e-mases-disiplinore.docx\">K\u00ebrkes\u00eb p\u00ebr Ankim ndaj vendimit t\u00eb drejtuesit t\u00eb institucionit t\u00eb ekzekutimit t\u00eb vendimeve penale p\u00ebr dh\u00ebninen e mas\u00ebs disiplinore<\/a><\/p>\n\n\n\n<p><a href=\"https:\/\/www.respublica.org.al\/wp-content\/uploads\/2023\/10\/Kerkese-per-Ankim-ndaj-vendimit-te-drejtuesit-te-institucionit-te-ekzekutimit-te-vendimeve-penale-per-refuzimin-e-dhenies-se-lejes.docx\">K\u00ebrkes\u00eb p\u00ebr Ankim ndaj vendimit t\u00eb drejtuesit t\u00eb institucionit t\u00eb ekzekutimit t\u00eb vendimeve penale p\u00ebr refuzimin e dh\u00ebnies s\u00eb lejes<\/a><\/p>\n\n\n\n<p><a href=\"https:\/\/www.respublica.org.al\/wp-content\/uploads\/2023\/10\/Kerkese-per-Ankim-ndaj-vendimit-te-komisionit-te-institucionit-te-ekzekutimit-te-vendimeve-penale-per-raportin-e-vleresimit-te-sjelljes.docx\">K\u00ebrkes\u00eb p\u00ebr Ankim ndaj vendimit t\u00eb komisionit t\u00eb institucionit t\u00eb ekzekutimit t\u00eb vendimeve penale p\u00ebr raportin e vler\u00ebsimit t\u00eb sjelljes<\/a><\/p>\n\n\n\n<p><a href=\"https:\/\/www.respublica.org.al\/wp-content\/uploads\/2023\/10\/Kerkese-per-bashkim-denimesh.docx\">K\u00ebrk\u00ebs\u00eb p\u00ebr bashkim d\u00ebnimesh<\/a><\/p>\n\n\n\n<p><a href=\"https:\/\/www.respublica.org.al\/wp-content\/uploads\/2023\/10\/Kerkese-per-caktimin-e-perfaqesuesit-ligjor.docx\">K\u00ebrkes\u00eb p\u00ebr caktimin e p\u00ebrfaq\u00ebsuesit ligjor<\/a><\/p>\n\n\n\n<p><a href=\"https:\/\/www.respublica.org.al\/wp-content\/uploads\/2023\/10\/Kerkese-per-deklarimin-e-parashkruar-te-ekzekutimit-te-vendimit.docx\">K\u00ebrkes\u00eb p\u00ebr deklarimin e parashkruar t\u00eb ekzekutimit t\u00eb vendimit<\/a><\/p>\n\n\n\n<p><a href=\"https:\/\/www.respublica.org.al\/wp-content\/uploads\/2023\/10\/Kerkese-per-deklarimin-e-rehabilitimit-te-personit.docx\">K\u00ebrkes\u00eb p\u00ebr deklarimin e rehabilitimit t\u00eb personit<\/a><\/p>\n\n\n\n<p><a href=\"https:\/\/www.respublica.org.al\/wp-content\/uploads\/2023\/10\/Kerkese-per-gjykim-te-shkurtuar.docx\">K\u00ebrkes\u00eb p\u00ebr gjykim t\u00eb shkurtuar<\/a><\/p>\n\n\n\n<p><a href=\"https:\/\/www.respublica.org.al\/wp-content\/uploads\/2023\/10\/Kerkese-per-kerkim-dokumentacioni.docx\">K\u00ebrkes\u00eb p\u00ebr k\u00ebrkim dokumentacioni<\/a><\/p>\n\n\n\n<p><a href=\"https:\/\/www.respublica.org.al\/wp-content\/uploads\/2023\/10\/Kerkese-per-kerkim-informacioni.docx\">K\u00ebrkes\u00eb p\u00ebr k\u00ebrkim informacioni<\/a><\/p>\n\n\n\n<p><a href=\"https:\/\/www.respublica.org.al\/wp-content\/uploads\/2023\/10\/Kerkese-per-kopje-te-regjistrimeve-audio-rekorder-gjykimeveseancave-gjyqesore.docx\">K\u00ebrkes\u00eb p\u00ebr kopje t\u00eb regjistrimeve audio rekorder gjykimeve, seancave gjyq\u00ebsore<\/a><\/p>\n\n\n\n<p><a href=\"https:\/\/www.respublica.org.al\/wp-content\/uploads\/2023\/10\/Kerkese-per-kryerje-riekspertimi-autoteknik-mjekoligjor-grafik.docx\">K\u00ebrkes\u00eb p\u00ebr kryerje riekspertimi autoteknik, mjekoligjor, grafik<\/a><\/p>\n\n\n\n<p><a href=\"https:\/\/www.respublica.org.al\/wp-content\/uploads\/2023\/10\/Kerkese-per-lirim-me-kusht.docx\">K\u00ebrk\u00ebs\u00eb p\u00ebr lirim me kusht<\/a><\/p>\n\n\n\n<p><a href=\"https:\/\/www.respublica.org.al\/wp-content\/uploads\/2023\/10\/Kerkese-per-lirimin-e-te-burgosurit.docx\">K\u00ebrkes\u00eb p\u00ebr lirimin e t\u00eb burgosurit<\/a><\/p>\n\n\n\n<p><a href=\"https:\/\/www.respublica.org.al\/wp-content\/uploads\/2023\/10\/Kerkese-per-marrje-provash-shkresore-ose-pyetje-deshmitaresh.docx\">K\u00ebrkes\u00eb p\u00ebr marrje provash shkresore ose pyetje d\u00ebshmitar\u00ebsh<\/a><\/p>\n\n\n\n<p><a href=\"https:\/\/www.respublica.org.al\/wp-content\/uploads\/2023\/10\/Kerkese-per-marrjen-e-provave-te-tjera.docx\">K\u00ebrkes\u00eb p\u00ebr marrjen e provave t\u00eb tjera<\/a><\/p>\n\n\n\n<p><a href=\"https:\/\/www.respublica.org.al\/wp-content\/uploads\/2023\/10\/Kerkese-per-njohje-periudhe-paraburgimi.docx\">K\u00ebrkes\u00eb p\u00ebr njohje periudh\u00eb paraburgimi<\/a><\/p>\n\n\n\n<p><a href=\"https:\/\/www.respublica.org.al\/wp-content\/uploads\/2023\/10\/Kerkese-per-paperdorshmeri-prove.docx\">K\u00ebrkes\u00eb p\u00ebr pap\u00ebrdorshm\u00ebri prove<\/a><\/p>\n\n\n\n<p><a href=\"https:\/\/www.respublica.org.al\/wp-content\/uploads\/2023\/10\/Kerkese-per-pavlefshmeri-akti.docx\">K\u00ebrkes\u00eb p\u00ebr pavlefshm\u00ebri akti<\/a><\/p>\n\n\n\n<p><a href=\"https:\/\/www.respublica.org.al\/wp-content\/uploads\/2023\/10\/Kerkese-per-perftim-nga-ligji-nr.Per-dhenie-amnistie.docx\">K\u00ebrk\u00ebs\u00eb p\u00ebr p\u00ebrftim nga ligji nr\u2026P\u00ebr dh\u00ebnie amnistie<\/a><\/p>\n\n\n\n<p><a href=\"https:\/\/www.respublica.org.al\/wp-content\/uploads\/2023\/10\/Kerkese-per-pyetje-te-pandehurit.docx\">K\u00ebrkes\u00eb p\u00ebr pyetje t\u00eb pandehurit<\/a><\/p>\n\n\n\n<p><a href=\"https:\/\/www.respublica.org.al\/wp-content\/uploads\/2023\/10\/Kerkese-per-rivendosje-ne-afat-te-ankimit-apelimit-ose-rekurs.docx\">K\u00ebrk\u00ebs\u00eb p\u00ebr rivendosje n\u00eb afat t\u00eb ankimit (apelimit ose rekurs)<\/a><\/p>\n\n\n\n<p><a href=\"https:\/\/www.respublica.org.al\/wp-content\/uploads\/2023\/10\/Kerkese-per-shtyrje-gjykimi.docx\">K\u00ebrkes\u00eb p\u00ebr shtyrje gjykimi<\/a><\/p>\n\n\n\n<p><a href=\"https:\/\/www.respublica.org.al\/wp-content\/uploads\/2023\/10\/Kerkese-per-transferim-lloj-sigurie-nga-burg-i-sigurise-se-larte-ne-burg-te-sigurise-te-zakonshme.docx\">K\u00ebrkes\u00eb p\u00ebr transferim lloj sigurie, nga burg i siguris\u00eb s\u00eb lart\u00eb, n\u00eb burg t\u00eb siguris\u00eb t\u00eb zakonshme<\/a><\/p>\n\n\n\n<p><a href=\"https:\/\/www.respublica.org.al\/wp-content\/uploads\/2023\/10\/Kerkese-per-ulje-denimi.docx\">K\u00ebrk\u00ebs\u00eb p\u00ebr ulje d\u00ebnimi<\/a><\/p>\n\n\n\n<p><a href=\"https:\/\/www.respublica.org.al\/wp-content\/uploads\/2023\/10\/Kerkese-per-zhvillimin-e-gjykimit-me-dyer-te-mbyllura.docx\">K\u00ebrkes\u00eb p\u00ebr zhvillimin e gjykimit me dyer t\u00eb mbyllura<\/a><\/p>\n\n\n\n<p><a href=\"https:\/\/www.respublica.org.al\/wp-content\/uploads\/2023\/10\/Kerkese-qendrimi-ne-shtepi.docx\">K\u00ebrk\u00ebs\u00eb q\u00ebndrimi n\u00eb sht\u00ebpi<\/a><\/p>\n\n\n\n<p><a href=\"https:\/\/www.respublica.org.al\/wp-content\/uploads\/2023\/10\/Kerkese-viktima-akuzuese.docx\">K\u00ebrkes\u00eb viktima akuzuese<\/a><\/p>\n\n\n\n<p><a href=\"https:\/\/www.respublica.org.al\/wp-content\/uploads\/2023\/10\/Kerkesepadi-kundershtim-veprimesh-permbarimore.doc\">K\u00ebrkes\u00ebpadi kund\u00ebrshtim veprimesh p\u00ebrmbarimore<\/a><\/p>\n\n\n\n<p><a href=\"https:\/\/www.respublica.org.al\/wp-content\/uploads\/2023\/10\/Konkluzione-perfundimtare.docx\">Konkluzione p\u00ebrfundimtare<\/a><\/p>\n\n\n\n<p><a href=\"https:\/\/www.respublica.org.al\/wp-content\/uploads\/2023\/10\/Kunderpadi.doc\">Kund\u00ebrpadi<\/a><\/p>\n\n\n\n<p><a href=\"https:\/\/www.respublica.org.al\/wp-content\/uploads\/2023\/10\/Padi-kundershtim-atesie.docx\">Padi kund\u00ebrshtim at\u00ebsie<\/a><\/p>\n\n\n\n<p><a href=\"https:\/\/www.respublica.org.al\/wp-content\/uploads\/2023\/10\/Padi-njohje-atesie.docx\">Padi njohje at\u00ebsie<\/a><\/p>\n\n\n\n<p><a href=\"https:\/\/www.respublica.org.al\/wp-content\/uploads\/2023\/10\/Padi-pavlefshmeri-martese.docx\">Padi pavlefshm\u00ebri martese<\/a><\/p>\n\n\n\n<p><a href=\"https:\/\/www.respublica.org.al\/wp-content\/uploads\/2023\/10\/Padi-zgjidhje-martese-me-miratim.docx\">Padi zgjidhje martese me miratim<\/a><\/p>\n\n\n\n<p><a href=\"https:\/\/www.respublica.org.al\/wp-content\/uploads\/2023\/10\/Padi-zgjidhje-martese.docx\">Padi zgjidhje martese<\/a><\/p>\n\n\n\n<p><a href=\"https:\/\/www.respublica.org.al\/wp-content\/uploads\/2023\/10\/Padi-civile-ne-procesin-penalshberblim-i-demit-te-shkaktuar.docx\">Padi civile n\u00eb pro\u00e7esin penal, shb\u00ebrblim i d\u00ebmit t\u00eb shkaktuar<\/a><\/p>\n\n\n\n<p><a href=\"https:\/\/www.respublica.org.al\/wp-content\/uploads\/2023\/10\/Rekurs-gjykata-e-larte.doc\">Rekurs gjykata e lart\u00eb<\/a><\/p>\n\n\n\n<p><\/p>\n\n\n\n<p><\/p>\n\n\n\n<p><\/p>\n\n\n\n<p><\/p>\n\n\n\n<p><\/p>\n\n\n\n<p><\/p>\n","protected":false},"excerpt":{"rendered":"<p>M\u00eb posht\u00eb mund t\u00eb shkarkoni formular\u00eb t\u00eb gatsh\u00ebm p\u00ebr veprime t\u00eb ndryshme&nbsp;gjyq\u00ebsore. Ankim administrativ Ankim (Apelim) ndaj vendimit t\u00eb gjykat\u00ebs [&hellip;]<\/p>\n","protected":false},"author":2,"featured_media":0,"parent":0,"menu_order":0,"comment_status":"closed","ping_status":"closed","template":"","meta":{"site-sidebar-layout":"default","site-content-layout":"","ast-site-content-layout":"","site-content-style":"default","site-sidebar-style":"default","ast-global-header-display":"","ast-banner-title-visibility":"","ast-main-header-display":"","ast-hfb-above-header-display":"","ast-hfb-below-header-display":"","ast-hfb-mobile-header-display":"","site-post-title":"","ast-breadcrumbs-content":"","ast-featured-img":"","footer-sml-layout":"","theme-transparent-header-meta":"","adv-header-id-meta":"","stick-header-meta":"","header-above-stick-meta":"","header-main-stick-meta":"","header-below-stick-meta":"","astra-migrate-meta-layouts":"default","ast-page-background-enabled":"default","ast-page-background-meta":{"desktop":{"background-color":"var(--ast-global-color-4)","background-image":"","background-repeat":"repeat","background-position":"center center","background-size":"auto","background-attachment":"scroll","background-type":"","background-media":"","overlay-type":"","overlay-color":"","overlay-gradient":""},"tablet":{"background-color":"","background-image":"","background-repeat":"repeat","background-position":"center center","background-size":"auto","background-attachment":"scroll","background-type":"","background-media":"","overlay-type":"","overlay-color":"","overlay-gradient":""},"mobile":{"background-color":"","background-image":"","background-repeat":"repeat","background-position":"center center","background-size":"auto","background-attachment":"scroll","background-type":"","background-media":"","overlay-type":"","overlay-color":"","overlay-gradient":""}},"ast-content-background-meta":{"desktop":{"background-color":"var(--ast-global-color-5)","background-image":"","background-repeat":"repeat","background-position":"center center","background-size":"auto","background-attachment":"scroll","background-type":"","background-media":"","overlay-type":"","overlay-color":"","overlay-gradient":""},"tablet":{"background-color":"var(--ast-global-color-5)","background-image":"","background-repeat":"repeat","background-position":"center center","background-size":"auto","background-attachment":"scroll","background-type":"","background-media":"","overlay-type":"","overlay-color":"","overlay-gradient":""},"mobile":{"background-color":"var(--ast-global-color-5)","background-image":"","background-repeat":"repeat","background-position":"center center","background-size":"auto","background-attachment":"scroll","background-type":"","background-media":"","overlay-type":"","overlay-color":"","overlay-gradient":""}},"footnotes":""},"_links":{"self":[{"href":"https:\/\/www.respublica.org.al\/web\/index.php?rest_route=\/wp\/v2\/pages\/2707"}],"collection":[{"href":"https:\/\/www.respublica.org.al\/web\/index.php?rest_route=\/wp\/v2\/pages"}],"about":[{"href":"https:\/\/www.respublica.org.al\/web\/index.php?rest_route=\/wp\/v2\/types\/page"}],"author":[{"embeddable":true,"href":"https:\/\/www.respublica.org.al\/web\/index.php?rest_route=\/wp\/v2\/users\/2"}],"replies":[{"embeddable":true,"href":"https:\/\/www.respublica.org.al\/web\/index.php?rest_route=%2Fwp%2Fv2%2Fcomments&post=2707"}],"version-history":[{"count":7,"href":"https:\/\/www.respublica.org.al\/web\/index.php?rest_route=\/wp\/v2\/pages\/2707\/revisions"}],"predecessor-version":[{"id":2777,"href":"https:\/\/www.respublica.org.al\/web\/index.php?rest_route=\/wp\/v2\/pages\/2707\/revisions\/2777"}],"wp:attachment":[{"href":"https:\/\/www.respublica.org.al\/web\/index.php?rest_route=%2Fwp%2Fv2%2Fmedia&parent=2707"}],"curies":[{"name":"wp","href":"https:\/\/api.w.org\/{rel}","templated":true}]}}